{"id":13202,"date":"2025-01-18T13:21:02","date_gmt":"2025-01-18T12:21:02","guid":{"rendered":"https:\/\/eacim-ceramic-implantology.com\/drs-markus-et-matthias-sperlich-conferenciers-congres-eacim-2025\/"},"modified":"2025-01-18T13:21:03","modified_gmt":"2025-01-18T12:21:03","slug":"drs-markus-et-matthias-sperlich-conferenciers-congres-eacim-2025","status":"publish","type":"page","link":"https:\/\/eacim-ceramic-implantology.com\/fr\/drs-markus-et-matthias-sperlich-conferenciers-congres-eacim-2025\/","title":{"rendered":"Drs Markus et Matthias SPERLICH conf\u00e9renciers &#8211; Congr\u00e8s EACim 2025"},"content":{"rendered":"<p><div class=\"fusion-fullwidth fullwidth-box fusion-builder-row-1 fusion-flex-container nonhundred-percent-fullwidth non-hundred-percent-height-scrolling\" style=\"--awb-border-radius-top-left:0px;--awb-border-radius-top-right:0px;--awb-border-radius-bottom-right:0px;--awb-border-radius-bottom-left:0px;--awb-flex-wrap:wrap;\" ><\/div><div class=\"fusion-builder-row fusion-row fusion-flex-align-items-flex-start fusion-flex-content-wrap\" style=\"max-width:1144px;margin-left: calc(-4% \/ 2 );margin-right: calc(-4% \/ 2 );\"><\/div><div class=\"fusion-layout-column fusion_builder_column fusion-builder-column-0 fusion_builder_column_1_1 1_1 fusion-one-full fusion-column-first fusion-column-last\" style=\"--awb-bg-size:cover;--awb-margin-bottom:0px;width:100%;\"><div class=\"fusion-column-wrapper fusion-flex-column-wrapper-legacy\"><div class=\"fusion-clearfix\"><\/div><\/div><\/div><div class=\"fusion-text fusion-text-1\"><\/div><\/p>\n<h1>Dr Markus et Matthias SPERLICH<em>\u2013 Allemagne<\/em><\/h1>\n<h1><img decoding=\"async\" class=\"alignleft wp-image-13080\" src=\"https:\/\/eacim-ceramic-implantology.com\/wp-content\/uploads\/2025\/01\/Trombi_conf_SPERLICH01_madrid_2025-300x300.jpg\" alt=\"\" width=\"325\" height=\"325\" srcset=\"https:\/\/eacim-ceramic-implantology.com\/wp-content\/uploads\/2025\/01\/Trombi_conf_SPERLICH01_madrid_2025-66x66.jpg 66w, https:\/\/eacim-ceramic-implantology.com\/wp-content\/uploads\/2025\/01\/Trombi_conf_SPERLICH01_madrid_2025-100x100.jpg 100w, https:\/\/eacim-ceramic-implantology.com\/wp-content\/uploads\/2025\/01\/Trombi_conf_SPERLICH01_madrid_2025-150x150.jpg 150w, https:\/\/eacim-ceramic-implantology.com\/wp-content\/uploads\/2025\/01\/Trombi_conf_SPERLICH01_madrid_2025-200x200.jpg 200w, https:\/\/eacim-ceramic-implantology.com\/wp-content\/uploads\/2025\/01\/Trombi_conf_SPERLICH01_madrid_2025-300x300.jpg 300w, https:\/\/eacim-ceramic-implantology.com\/wp-content\/uploads\/2025\/01\/Trombi_conf_SPERLICH01_madrid_2025-400x400.jpg 400w, https:\/\/eacim-ceramic-implantology.com\/wp-content\/uploads\/2025\/01\/Trombi_conf_SPERLICH01_madrid_2025-500x500.jpg 500w, https:\/\/eacim-ceramic-implantology.com\/wp-content\/uploads\/2025\/01\/Trombi_conf_SPERLICH01_madrid_2025-600x600.jpg 600w, https:\/\/eacim-ceramic-implantology.com\/wp-content\/uploads\/2025\/01\/Trombi_conf_SPERLICH01_madrid_2025-700x700.jpg 700w, https:\/\/eacim-ceramic-implantology.com\/wp-content\/uploads\/2025\/01\/Trombi_conf_SPERLICH01_madrid_2025-768x768.jpg 768w, https:\/\/eacim-ceramic-implantology.com\/wp-content\/uploads\/2025\/01\/Trombi_conf_SPERLICH01_madrid_2025-800x800.jpg 800w, https:\/\/eacim-ceramic-implantology.com\/wp-content\/uploads\/2025\/01\/Trombi_conf_SPERLICH01_madrid_2025.jpg 1000w\" sizes=\"(max-width: 325px) 100vw, 325px\" \/> <img decoding=\"async\" class=\"alignright wp-image-13072\" src=\"https:\/\/eacim-ceramic-implantology.com\/wp-content\/uploads\/2025\/01\/Trombi_conf_SPERLICH02_madrid_2025-300x300.jpg\" alt=\"\" width=\"325\" height=\"325\" srcset=\"https:\/\/eacim-ceramic-implantology.com\/wp-content\/uploads\/2025\/01\/Trombi_conf_SPERLICH02_madrid_2025-66x66.jpg 66w, https:\/\/eacim-ceramic-implantology.com\/wp-content\/uploads\/2025\/01\/Trombi_conf_SPERLICH02_madrid_2025-100x100.jpg 100w, https:\/\/eacim-ceramic-implantology.com\/wp-content\/uploads\/2025\/01\/Trombi_conf_SPERLICH02_madrid_2025-150x150.jpg 150w, https:\/\/eacim-ceramic-implantology.com\/wp-content\/uploads\/2025\/01\/Trombi_conf_SPERLICH02_madrid_2025-200x200.jpg 200w, https:\/\/eacim-ceramic-implantology.com\/wp-content\/uploads\/2025\/01\/Trombi_conf_SPERLICH02_madrid_2025-300x300.jpg 300w, https:\/\/eacim-ceramic-implantology.com\/wp-content\/uploads\/2025\/01\/Trombi_conf_SPERLICH02_madrid_2025-400x400.jpg 400w, https:\/\/eacim-ceramic-implantology.com\/wp-content\/uploads\/2025\/01\/Trombi_conf_SPERLICH02_madrid_2025-500x500.jpg 500w, https:\/\/eacim-ceramic-implantology.com\/wp-content\/uploads\/2025\/01\/Trombi_conf_SPERLICH02_madrid_2025-600x600.jpg 600w, https:\/\/eacim-ceramic-implantology.com\/wp-content\/uploads\/2025\/01\/Trombi_conf_SPERLICH02_madrid_2025-700x700.jpg 700w, https:\/\/eacim-ceramic-implantology.com\/wp-content\/uploads\/2025\/01\/Trombi_conf_SPERLICH02_madrid_2025-768x768.jpg 768w, https:\/\/eacim-ceramic-implantology.com\/wp-content\/uploads\/2025\/01\/Trombi_conf_SPERLICH02_madrid_2025-800x800.jpg 800w, https:\/\/eacim-ceramic-implantology.com\/wp-content\/uploads\/2025\/01\/Trombi_conf_SPERLICH02_madrid_2025.jpg 1000w\" sizes=\"(max-width: 325px) 100vw, 325px\" \/><\/h1>\n<ul>\n<li><strong>Le Dr Markus Sperlich<\/strong> a \u00e9tudi\u00e9 la m\u00e9decine dentaire \u00e0 l&rsquo;universit\u00e9 de Fribourg. Au cours de ses nombreuses ann\u00e9es de travail au d\u00e9partement de proth\u00e8ses dentaires de l&rsquo;h\u00f4pital universitaire de Fribourg (Prof. Dr. Dr. h.c. J\u00f6rg Strub), il s&rsquo;est sp\u00e9cialis\u00e9 en implantologie et en proth\u00e8ses implantaires. Ses principaux domaines de travail sont l&rsquo;implantologie et la proth\u00e8se. Il se concentre sur l&rsquo;implantologie c\u00e9ramique et les concepts de restauration imm\u00e9diate.<\/li>\n<li><strong>Le Dr Mathias Sperlich<\/strong> a \u00e9tudi\u00e9 la m\u00e9decine dentaire et la m\u00e9decine humaine aux universit\u00e9s de Fribourg, W\u00fcrzburg et Zurich. Apr\u00e8s son internat, il a suivi une formation compl\u00e9mentaire de chirurgien buccal. En outre, le Dr Mathias Sperlich a obtenu un master en implantologie et chirurgie buccale. Ses principaux domaines de travail sont la chirurgie buccale, l&rsquo;implantologie et la parodontologie. Il se concentre sur les protocoles imm\u00e9diats et les implants en c\u00e9ramique.<\/li>\n<\/ul>\n<p>&nbsp;<\/p>\n<h2>\u00ab\u00a0Pr\u00e9server la biologie gr\u00e2ce \u00e0 un traitement num\u00e9rique imm\u00e9diat avec un implant en c\u00e9ramique en deux parties\u00a0\u00bb \u2013 Congr\u00e8s EACim 2025<\/h2>\n<h3>R\u00e9sum\u00e9 de la conf\u00e9rence :<\/h3>\n<p>La biologie de l&rsquo;alv\u00e9ole d&rsquo;extraction peut \u00eatre pr\u00e9serv\u00e9e dans une large mesure gr\u00e2ce \u00e0 des concepts de traitement imm\u00e9diats (implantation imm\u00e9diate et restauration proth\u00e9tique imm\u00e9diate). Nous privil\u00e9gions ici un flux de travail num\u00e9rique. Nous voyons un avantage significatif dans l&rsquo;utilisation d&rsquo;implants en c\u00e9ramique en termes de cicatrisation des plaies et de r\u00e9sultat esth\u00e9tique. Pour cela, nous utilisons un implant en c\u00e9ramique au niveau osseux qui nous permet de pratiquer le m\u00eame flux de travail qu&rsquo;avec les implants en titane conventionnels. Cela signifie que nous pouvons exploiter pleinement les avantages des propri\u00e9t\u00e9s bioinertes de la c\u00e9ramique.<\/p>\n","protected":false},"excerpt":{"rendered":"<p>Dr Markus et Matthias SPERLICH\u2013 Allemagne Le Dr Markus Sperlich  [&#8230;]<\/p>\n","protected":false},"author":1,"featured_media":0,"parent":0,"menu_order":0,"comment_status":"closed","ping_status":"closed","template":"","meta":{"_price":"","_stock":"","_tribe_ticket_header":"","_tribe_default_ticket_provider":"","_tribe_ticket_capacity":"0","_ticket_start_date":"","_ticket_end_date":"","_tribe_ticket_show_description":"","_tribe_ticket_show_not_going":false,"_tribe_ticket_use_global_stock":"","_tribe_ticket_global_stock_level":"","_global_stock_mode":"","_global_stock_cap":"","_tribe_rsvp_for_event":"","_tribe_ticket_going_count":"","_tribe_ticket_not_going_count":"","_tribe_tickets_list":"[]","_tribe_ticket_has_attendee_info_fields":false,"footnotes":""},"class_list":["post-13202","page","type-page","status-publish","hentry"],"yoast_head":"<!-- This site is optimized with the Yoast SEO plugin v26.4 - https:\/\/yoast.com\/wordpress\/plugins\/seo\/ -->\n<title>Drs Markus et Matthias SPERLICH conf\u00e9renciers - Congr\u00e8s EACim 2025 - EACim<\/title>\n<meta name=\"robots\" content=\"index, follow, max-snippet:-1, max-image-preview:large, max-video-preview:-1\" \/>\n<link rel=\"canonical\" href=\"https:\/\/eacim-ceramic-implantology.com\/fr\/drs-markus-et-matthias-sperlich-conferenciers-congres-eacim-2025\/\" \/>\n<meta property=\"og:locale\" content=\"fr_FR\" \/>\n<meta property=\"og:type\" content=\"article\" \/>\n<meta property=\"og:title\" content=\"Drs Markus et Matthias SPERLICH conf\u00e9renciers - Congr\u00e8s EACim 2025 - EACim\" \/>\n<meta property=\"og:description\" content=\"Dr Markus et Matthias SPERLICH\u2013 Allemagne Le Dr Markus Sperlich [...]\" \/>\n<meta property=\"og:url\" content=\"https:\/\/eacim-ceramic-implantology.com\/fr\/drs-markus-et-matthias-sperlich-conferenciers-congres-eacim-2025\/\" \/>\n<meta property=\"og:site_name\" content=\"EACim\" \/>\n<meta property=\"article:modified_time\" content=\"2025-01-18T12:21:03+00:00\" \/>\n<meta property=\"og:image\" content=\"https:\/\/eacim-ceramic-implantology.com\/wp-content\/uploads\/2025\/01\/Trombi_conf_SPERLICH01_madrid_2025-300x300.jpg\" \/>\n<meta name=\"twitter:card\" content=\"summary_large_image\" \/>\n<meta name=\"twitter:label1\" content=\"Dur\u00e9e de lecture estim\u00e9e\" \/>\n\t<meta name=\"twitter:data1\" content=\"2 minutes\" \/>\n<script type=\"application\/ld+json\" class=\"yoast-schema-graph\">{\"@context\":\"https:\/\/schema.org\",\"@graph\":[{\"@type\":\"WebPage\",\"@id\":\"https:\/\/eacim-ceramic-implantology.com\/fr\/drs-markus-et-matthias-sperlich-conferenciers-congres-eacim-2025\/\",\"url\":\"https:\/\/eacim-ceramic-implantology.com\/fr\/drs-markus-et-matthias-sperlich-conferenciers-congres-eacim-2025\/\",\"name\":\"Drs Markus et Matthias SPERLICH conf\u00e9renciers - Congr\u00e8s EACim 2025 - EACim\",\"isPartOf\":{\"@id\":\"https:\/\/3c9a-d050ef7659ec.wptiger.fr\/#website\"},\"primaryImageOfPage\":{\"@id\":\"https:\/\/eacim-ceramic-implantology.com\/fr\/drs-markus-et-matthias-sperlich-conferenciers-congres-eacim-2025\/#primaryimage\"},\"image\":{\"@id\":\"https:\/\/eacim-ceramic-implantology.com\/fr\/drs-markus-et-matthias-sperlich-conferenciers-congres-eacim-2025\/#primaryimage\"},\"thumbnailUrl\":\"https:\/\/eacim-ceramic-implantology.com\/wp-content\/uploads\/2025\/01\/Trombi_conf_SPERLICH01_madrid_2025-300x300.jpg\",\"datePublished\":\"2025-01-18T12:21:02+00:00\",\"dateModified\":\"2025-01-18T12:21:03+00:00\",\"breadcrumb\":{\"@id\":\"https:\/\/eacim-ceramic-implantology.com\/fr\/drs-markus-et-matthias-sperlich-conferenciers-congres-eacim-2025\/#breadcrumb\"},\"inLanguage\":\"fr-FR\",\"potentialAction\":[{\"@type\":\"ReadAction\",\"target\":[\"https:\/\/eacim-ceramic-implantology.com\/fr\/drs-markus-et-matthias-sperlich-conferenciers-congres-eacim-2025\/\"]}]},{\"@type\":\"ImageObject\",\"inLanguage\":\"fr-FR\",\"@id\":\"https:\/\/eacim-ceramic-implantology.com\/fr\/drs-markus-et-matthias-sperlich-conferenciers-congres-eacim-2025\/#primaryimage\",\"url\":\"https:\/\/eacim-ceramic-implantology.com\/wp-content\/uploads\/2025\/01\/Trombi_conf_SPERLICH01_madrid_2025-300x300.jpg\",\"contentUrl\":\"https:\/\/eacim-ceramic-implantology.com\/wp-content\/uploads\/2025\/01\/Trombi_conf_SPERLICH01_madrid_2025-300x300.jpg\"},{\"@type\":\"BreadcrumbList\",\"@id\":\"https:\/\/eacim-ceramic-implantology.com\/fr\/drs-markus-et-matthias-sperlich-conferenciers-congres-eacim-2025\/#breadcrumb\",\"itemListElement\":[{\"@type\":\"ListItem\",\"position\":1,\"name\":\"Accueil\",\"item\":\"https:\/\/eacim-ceramic-implantology.com\/fr\/\"},{\"@type\":\"ListItem\",\"position\":2,\"name\":\"Drs Markus et Matthias SPERLICH conf\u00e9renciers &#8211; Congr\u00e8s EACim 2025\"}]},{\"@type\":\"WebSite\",\"@id\":\"https:\/\/3c9a-d050ef7659ec.wptiger.fr\/#website\",\"url\":\"https:\/\/3c9a-d050ef7659ec.wptiger.fr\/\",\"name\":\"EACim\",\"description\":\"European Academy of Ceramic Implantology\",\"potentialAction\":[{\"@type\":\"SearchAction\",\"target\":{\"@type\":\"EntryPoint\",\"urlTemplate\":\"https:\/\/3c9a-d050ef7659ec.wptiger.fr\/?s={search_term_string}\"},\"query-input\":{\"@type\":\"PropertyValueSpecification\",\"valueRequired\":true,\"valueName\":\"search_term_string\"}}],\"inLanguage\":\"fr-FR\"}]}<\/script>\n<!-- \/ Yoast SEO plugin. -->","yoast_head_json":{"title":"Drs Markus et Matthias SPERLICH conf\u00e9renciers - Congr\u00e8s EACim 2025 - EACim","robots":{"index":"index","follow":"follow","max-snippet":"max-snippet:-1","max-image-preview":"max-image-preview:large","max-video-preview":"max-video-preview:-1"},"canonical":"https:\/\/eacim-ceramic-implantology.com\/fr\/drs-markus-et-matthias-sperlich-conferenciers-congres-eacim-2025\/","og_locale":"fr_FR","og_type":"article","og_title":"Drs Markus et Matthias SPERLICH conf\u00e9renciers - Congr\u00e8s EACim 2025 - EACim","og_description":"Dr Markus et Matthias SPERLICH\u2013 Allemagne Le Dr Markus Sperlich [...]","og_url":"https:\/\/eacim-ceramic-implantology.com\/fr\/drs-markus-et-matthias-sperlich-conferenciers-congres-eacim-2025\/","og_site_name":"EACim","article_modified_time":"2025-01-18T12:21:03+00:00","og_image":[{"url":"https:\/\/eacim-ceramic-implantology.com\/wp-content\/uploads\/2025\/01\/Trombi_conf_SPERLICH01_madrid_2025-300x300.jpg","type":"","width":"","height":""}],"twitter_card":"summary_large_image","twitter_misc":{"Dur\u00e9e de lecture estim\u00e9e":"2 minutes"},"schema":{"@context":"https:\/\/schema.org","@graph":[{"@type":"WebPage","@id":"https:\/\/eacim-ceramic-implantology.com\/fr\/drs-markus-et-matthias-sperlich-conferenciers-congres-eacim-2025\/","url":"https:\/\/eacim-ceramic-implantology.com\/fr\/drs-markus-et-matthias-sperlich-conferenciers-congres-eacim-2025\/","name":"Drs Markus et Matthias SPERLICH conf\u00e9renciers - Congr\u00e8s EACim 2025 - EACim","isPartOf":{"@id":"https:\/\/3c9a-d050ef7659ec.wptiger.fr\/#website"},"primaryImageOfPage":{"@id":"https:\/\/eacim-ceramic-implantology.com\/fr\/drs-markus-et-matthias-sperlich-conferenciers-congres-eacim-2025\/#primaryimage"},"image":{"@id":"https:\/\/eacim-ceramic-implantology.com\/fr\/drs-markus-et-matthias-sperlich-conferenciers-congres-eacim-2025\/#primaryimage"},"thumbnailUrl":"https:\/\/eacim-ceramic-implantology.com\/wp-content\/uploads\/2025\/01\/Trombi_conf_SPERLICH01_madrid_2025-300x300.jpg","datePublished":"2025-01-18T12:21:02+00:00","dateModified":"2025-01-18T12:21:03+00:00","breadcrumb":{"@id":"https:\/\/eacim-ceramic-implantology.com\/fr\/drs-markus-et-matthias-sperlich-conferenciers-congres-eacim-2025\/#breadcrumb"},"inLanguage":"fr-FR","potentialAction":[{"@type":"ReadAction","target":["https:\/\/eacim-ceramic-implantology.com\/fr\/drs-markus-et-matthias-sperlich-conferenciers-congres-eacim-2025\/"]}]},{"@type":"ImageObject","inLanguage":"fr-FR","@id":"https:\/\/eacim-ceramic-implantology.com\/fr\/drs-markus-et-matthias-sperlich-conferenciers-congres-eacim-2025\/#primaryimage","url":"https:\/\/eacim-ceramic-implantology.com\/wp-content\/uploads\/2025\/01\/Trombi_conf_SPERLICH01_madrid_2025-300x300.jpg","contentUrl":"https:\/\/eacim-ceramic-implantology.com\/wp-content\/uploads\/2025\/01\/Trombi_conf_SPERLICH01_madrid_2025-300x300.jpg"},{"@type":"BreadcrumbList","@id":"https:\/\/eacim-ceramic-implantology.com\/fr\/drs-markus-et-matthias-sperlich-conferenciers-congres-eacim-2025\/#breadcrumb","itemListElement":[{"@type":"ListItem","position":1,"name":"Accueil","item":"https:\/\/eacim-ceramic-implantology.com\/fr\/"},{"@type":"ListItem","position":2,"name":"Drs Markus et Matthias SPERLICH conf\u00e9renciers &#8211; Congr\u00e8s EACim 2025"}]},{"@type":"WebSite","@id":"https:\/\/3c9a-d050ef7659ec.wptiger.fr\/#website","url":"https:\/\/3c9a-d050ef7659ec.wptiger.fr\/","name":"EACim","description":"European Academy of Ceramic Implantology","potentialAction":[{"@type":"SearchAction","target":{"@type":"EntryPoint","urlTemplate":"https:\/\/3c9a-d050ef7659ec.wptiger.fr\/?s={search_term_string}"},"query-input":{"@type":"PropertyValueSpecification","valueRequired":true,"valueName":"search_term_string"}}],"inLanguage":"fr-FR"}]}},"_links":{"self":[{"href":"https:\/\/eacim-ceramic-implantology.com\/fr\/wp-json\/wp\/v2\/pages\/13202","targetHints":{"allow":["GET"]}}],"collection":[{"href":"https:\/\/eacim-ceramic-implantology.com\/fr\/wp-json\/wp\/v2\/pages"}],"about":[{"href":"https:\/\/eacim-ceramic-implantology.com\/fr\/wp-json\/wp\/v2\/types\/page"}],"author":[{"embeddable":true,"href":"https:\/\/eacim-ceramic-implantology.com\/fr\/wp-json\/wp\/v2\/users\/1"}],"replies":[{"embeddable":true,"href":"https:\/\/eacim-ceramic-implantology.com\/fr\/wp-json\/wp\/v2\/comments?post=13202"}],"version-history":[{"count":2,"href":"https:\/\/eacim-ceramic-implantology.com\/fr\/wp-json\/wp\/v2\/pages\/13202\/revisions"}],"predecessor-version":[{"id":13204,"href":"https:\/\/eacim-ceramic-implantology.com\/fr\/wp-json\/wp\/v2\/pages\/13202\/revisions\/13204"}],"wp:attachment":[{"href":"https:\/\/eacim-ceramic-implantology.com\/fr\/wp-json\/wp\/v2\/media?parent=13202"}],"curies":[{"name":"wp","href":"https:\/\/api.w.org\/{rel}","templated":true}]}}