{"id":5646,"date":"2020-04-26T12:11:25","date_gmt":"2020-04-26T10:11:25","guid":{"rendered":"https:\/\/eacim-ceramic-implantology.com\/les-ambassadeurs-eacim\/"},"modified":"2025-11-06T15:17:05","modified_gmt":"2025-11-06T14:17:05","slug":"les-ambassadeurs-eacim","status":"publish","type":"page","link":"https:\/\/eacim-ceramic-implantology.com\/fr\/les-ambassadeurs-eacim\/","title":{"rendered":"Les Ambassadeurs EACim"},"content":{"rendered":"<p><div class=\"fusion-fullwidth fullwidth-box fusion-builder-row-1 fusion-flex-container has-pattern-background has-mask-background nonhundred-percent-fullwidth non-hundred-percent-height-scrolling\" style=\"--awb-border-radius-top-left:0px;--awb-border-radius-top-right:0px;--awb-border-radius-bottom-right:0px;--awb-border-radius-bottom-left:0px;--awb-flex-wrap:wrap;\" ><div class=\"fusion-builder-row fusion-row fusion-flex-align-items-flex-start fusion-flex-content-wrap\" style=\"max-width:1144px;margin-left: calc(-4% \/ 2 );margin-right: calc(-4% \/ 2 );\"><div class=\"fusion-layout-column fusion_builder_column fusion-builder-column-0 fusion_builder_column_1_1 1_1 fusion-flex-column fusion-animated\" style=\"--awb-bg-size:cover;--awb-width-large:100%;--awb-margin-top-large:0px;--awb-spacing-right-large:1.92%;--awb-margin-bottom-large:20px;--awb-spacing-left-large:1.92%;--awb-width-medium:100%;--awb-spacing-right-medium:1.92%;--awb-spacing-left-medium:1.92%;--awb-width-small:100%;--awb-spacing-right-small:1.92%;--awb-spacing-left-small:1.92%;\" data-animationType=\"flash\" data-animationDuration=\"0.3\" data-animationOffset=\"top-into-view\"><div class=\"fusion-column-wrapper fusion-flex-justify-content-flex-start fusion-content-layout-column\"><div class=\"fusion-menu-anchor\" id=\"Zone_Europe_EN\"><\/div><div class=\"fusion-text fusion-text-1\"><h1>Un r\u00e9seau international exp\u00e9riment\u00e9 d&rsquo;ambassadeurs EACim<\/h1>\n<p>Nos ambassadeurs repr\u00e9sentent l&rsquo;EACim dans leur pays avec pour mission de promouvoir l&rsquo;implantologie c\u00e9ramique et les \u00e9v\u00e9nements et activit\u00e9s de l&rsquo;EACim.<br \/>Ces ambassadeurs b\u00e9n\u00e9ficient d\u2019une vaste exp\u00e9rience et connaissance des implants en c\u00e9ramique.<\/p>\n<\/div><div class=\"fusion-separator fusion-full-width-sep\" style=\"align-self: center;margin-left: auto;margin-right: auto;margin-top:20px;margin-bottom:20px;width:100%;\"><div class=\"fusion-separator-border sep-single sep-solid\" style=\"--awb-height:20px;--awb-amount:20px;border-color:#e0dede;border-top-width:1px;\"><\/div><\/div><a class=\"fusion-modal-text-link\" data-toggle=\"modal\" data-target=\".fusion-modal.menu zones\" href=\"#\">\r\n<p align=\"center\"><strong><a href=\"#Zone_Europe_EN\"> EUROPE\u00a0\u00a0\u00a0<\/a> \u23aa <a href=\"#Zone_Afrique_MO_EN\"> \u00a0\u00a0\u00a0AFRIQUE\/MOYEN-ORIENT\u00a0\u00a0\u00a0<\/a><\/strong><\/p>\r\n<\/a><div class=\"fusion-separator fusion-full-width-sep\" style=\"align-self: center;margin-left: auto;margin-right: auto;width:100%;\"><div class=\"fusion-separator-border sep-single sep-solid\" style=\"--awb-height:20px;--awb-amount:20px;border-color:#e0dede;border-top-width:1px;\"><\/div><\/div><\/div><\/div><\/div><\/div><div class=\"fusion-fullwidth fullwidth-box fusion-builder-row-2 fusion-flex-container has-pattern-background has-mask-background nonhundred-percent-fullwidth non-hundred-percent-height-scrolling\" style=\"--awb-border-radius-top-left:0px;--awb-border-radius-top-right:0px;--awb-border-radius-bottom-right:0px;--awb-border-radius-bottom-left:0px;--awb-margin-bottom:-20px;--awb-flex-wrap:wrap;\" ><div class=\"fusion-builder-row fusion-row fusion-flex-align-items-flex-start fusion-flex-content-wrap\" style=\"max-width:1144px;margin-left: calc(-4% \/ 2 );margin-right: calc(-4% \/ 2 );\"><div class=\"fusion-layout-column fusion_builder_column fusion-builder-column-1 fusion_builder_column_1_1 1_1 fusion-flex-column\" style=\"--awb-bg-size:cover;--awb-width-large:100%;--awb-margin-top-large:0px;--awb-spacing-right-large:1.92%;--awb-margin-bottom-large:20px;--awb-spacing-left-large:1.92%;--awb-width-medium:100%;--awb-order-medium:0;--awb-spacing-right-medium:1.92%;--awb-spacing-left-medium:1.92%;--awb-width-small:100%;--awb-order-small:0;--awb-spacing-right-small:1.92%;--awb-spacing-left-small:1.92%;\"><div class=\"fusion-column-wrapper fusion-column-has-shadow fusion-flex-justify-content-flex-start fusion-content-layout-column\"><div class=\"fusion-text fusion-text-2\"><\/p>\n<h2>Les Ambassadeurs europ\u00e9ens<\/h2>\n<\/div><\/div><\/div><\/div><\/div><div class=\"fusion-fullwidth fullwidth-box fusion-builder-row-3 nonhundred-percent-fullwidth non-hundred-percent-height-scrolling\" style=\"--awb-border-radius-top-left:0px;--awb-border-radius-top-right:0px;--awb-border-radius-bottom-right:0px;--awb-border-radius-bottom-left:0px;--awb-flex-wrap:wrap;\" ><div class=\"fusion-builder-row fusion-row\"><div class=\"fusion-layout-column fusion_builder_column fusion-builder-column-2 fusion_builder_column_1_3 1_3 fusion-one-third fusion-column-first fusion-animated\" style=\"--awb-padding-right:10px;--awb-padding-left:10px;--awb-bg-size:cover;width:33.333333333333%;width:calc(33.333333333333% - ( ( 4% + 4% ) * 0.33333333333333 ) );margin-right: 4%;\" data-animationType=\"fadeInDown\" data-animationDuration=\"0.3\" data-animationOffset=\"top-into-view\"><div class=\"fusion-column-wrapper fusion-flex-column-wrapper-legacy\"><div class=\"fusion-person person fusion-person-center fusion-person-1 fusion-person-icon-top\" style=\"--awb-pic-style-color:#000000;--awb-pic-borderradius:50%;--awb-margin-top:0px;--awb-margin-right:0px;--awb-margin-bottom:0px;--awb-margin-left:0px;--awb-social-box-border-top:0px;--awb-social-box-border-right:0px;--awb-social-box-border-bottom:0px;--awb-social-box-border-left:0px;--awb-social-box-border-color:var(--awb-color3);--awb-social-box-border-color-hover:var(--awb-color4);--awb-social-box-colors-hover:rgba(183,230,232,0.656);--awb-social-icon-boxed-colors:rgba(183,230,232,0.82);--awb-social-icon-colors:#2898a0;--awb-social-icon-colors-hover:rgba(40,152,160,0.8);\"><div class=\"person-shortcode-image-wrapper\"><div class=\"person-image-container hover-type-zoomin person-rounded-overflow\" style=\"-webkit-border-radius:50%;-moz-border-radius:50%;border-radius:50%;border:0px solid #04486b;-webkit-border-radius:50%;-moz-border-radius:50%;border-radius:50%;\"><a href=\"https:\/\/www.leadingimplantcenters.com\/experts\/mathias-und-markus-sperlich\/\" target=\"_self\"><img decoding=\"async\" class=\"person-img img-responsive wp-image-13754\" width=\"300\" height=\"300\" src=\"https:\/\/eacim-ceramic-implantology.com\/wp-content\/uploads\/2025\/07\/SPERLICH_BROS-300x300.gif\" alt=\"Markus and Mathias SPERLICH\" srcset=\"https:\/\/eacim-ceramic-implantology.com\/wp-content\/uploads\/2025\/07\/SPERLICH_BROS-66x66.gif 66w, https:\/\/eacim-ceramic-implantology.com\/wp-content\/uploads\/2025\/07\/SPERLICH_BROS-100x100.gif 100w, https:\/\/eacim-ceramic-implantology.com\/wp-content\/uploads\/2025\/07\/SPERLICH_BROS-150x150.gif 150w, https:\/\/eacim-ceramic-implantology.com\/wp-content\/uploads\/2025\/07\/SPERLICH_BROS-200x200.gif 200w, https:\/\/eacim-ceramic-implantology.com\/wp-content\/uploads\/2025\/07\/SPERLICH_BROS-300x300.gif 300w\" sizes=\"(max-width: 300px) 100vw, 300px\" \/><\/a><\/div><\/div><div class=\"person-desc\" style=\"background-color:#ffffff;padding:40px;margin-top:0;\"><div class=\"person-author\"><div class=\"person-author-wrapper\"><span class=\"person-name\">Markus and Mathias SPERLICH<\/span><span class=\"person-title\">Responsable des Relations avec les Ambassadeurs \/ Ambassadeur pour l'Allemagne<\/span><\/div><div class=\"fusion-social-networks boxed-icons\"><div class=\"fusion-social-networks-wrapper\"><a class=\"fusion-social-network-icon fusion-tooltip fusion-mail awb-icon-mail custom\" aria-label=\"fusion-mail\" href=\"mailto:https:\/&#047;www&#046;&#108;&#101;&#097;&#100;&#105;&#110;&#103;i&#109;&#112;la&#110;&#116;ce&#110;t&#101;rs.c&#111;&#109;&#047;&#101;&#120;&#112;&#101;rts&#047;&#109;&#097;t&#104;&#105;a&#115;&#045;&#117;&#110;&#100;&#045;m&#097;&#114;kus-&#115;perlich&#047;\" target=\"_self\" style=\"color:#2898a0;background-color:rgba(183,230,232,0.82);border-color:var(--awb-color3);border-radius:4px;font-size:16px;padding:8px;\" data-placement=\"top\" data-title=\"Mail\" title=\"Mail\" data-toggle=\"tooltip\"><\/a><\/div><\/div><\/div><div class=\"person-content fusion-clearfix\"><span style=\"font-size: 13px;\">Dr Markus Sperlich : &#8211; Docteur en m\u00e9decine dentaire \u2013 Universit\u00e9 de Fribourg &#8211; Sp\u00e9cialis\u00e9 en proth\u00e8ses implantaires \u2013 H\u00f4pital universitaire de Fribourg &#8211; Expert en implantologie et en proth\u00e8ses (implantologie c\u00e9ramique, protocoles de restauration imm\u00e9diate) &#8211; <br \/>Dr Mathias Sperlich : \u00c9tudes de m\u00e9decine dentaire et de m\u00e9decine \u2013 Fribourg, W\u00fcrzburg, Zurich &#8211; Formation postuniversitaire en chirurgie buccale &#8211; Master en implantologie et chirurgie buccale &#8211; Chirurgie buccale, implantologie, parodontologie, protocoles imm\u00e9diats, implants c\u00e9ramiques<\/span><\/div><\/div><\/div><div class=\"fusion-clearfix\"><\/div><\/div><\/div><div class=\"fusion-layout-column fusion_builder_column fusion-builder-column-3 fusion_builder_column_1_3 1_3 fusion-one-third fusion-animated\" style=\"--awb-padding-right:10px;--awb-padding-left:10px;--awb-bg-size:cover;width:33.333333333333%;width:calc(33.333333333333% - ( ( 4% + 4% ) * 0.33333333333333 ) );margin-right: 4%;\" data-animationType=\"fadeInDown\" data-animationDuration=\"0.3\" data-animationOffset=\"top-into-view\"><div class=\"fusion-column-wrapper fusion-flex-column-wrapper-legacy\"><div class=\"fusion-person person fusion-person-center fusion-person-2 fusion-person-icon-top\" style=\"--awb-pic-style-color:#000000;--awb-pic-borderradius:50%;--awb-margin-top:0px;--awb-margin-right:0px;--awb-margin-bottom:0px;--awb-margin-left:0px;--awb-social-box-border-top:0px;--awb-social-box-border-right:0px;--awb-social-box-border-bottom:0px;--awb-social-box-border-left:0px;--awb-social-box-border-color:var(--awb-color3);--awb-social-box-border-color-hover:var(--awb-color4);--awb-social-box-colors-hover:rgba(183,230,232,0.656);--awb-social-icon-boxed-colors:rgba(183,230,232,0.82);--awb-social-icon-colors:#2898a0;--awb-social-icon-colors-hover:rgba(40,152,160,0.8);\"><div class=\"person-shortcode-image-wrapper\"><div class=\"person-image-container hover-type-zoomin person-rounded-overflow\" style=\"-webkit-border-radius:50%;-moz-border-radius:50%;border-radius:50%;border:0px solid #04486b;-webkit-border-radius:50%;-moz-border-radius:50%;border-radius:50%;\"><a href=\"https:\/\/www.equilibriadental.com\/equipo\/dr-olivier-cheron\" target=\"_self\"><img decoding=\"async\" class=\"person-img img-responsive wp-image-9486\" width=\"300\" height=\"300\" src=\"https:\/\/eacim-ceramic-implantology.com\/wp-content\/uploads\/2023\/01\/trombi-EACim-2023-CHERON.gif\" alt=\"Olivier CHERON\" \/><\/a><\/div><\/div><div class=\"person-desc\" style=\"background-color:#ffffff;padding:40px;margin-top:0;\"><div class=\"person-author\"><div class=\"person-author-wrapper\"><span class=\"person-name\">Olivier CHERON<\/span><span class=\"person-title\">Ambassadeur pour l'Espagne<\/span><\/div><div class=\"fusion-social-networks boxed-icons\"><div class=\"fusion-social-networks-wrapper\"><a class=\"fusion-social-network-icon fusion-tooltip fusion-mail awb-icon-mail custom\" aria-label=\"fusion-mail\" href=\"mailto:s&#101;&#099;&#114;&#101;tair&#101;&#103;&#101;n&#101;&#114;&#097;l&#064;&#101;a&#099;&#105;m-c&#101;r&#097;&#109;i&#099;-im&#112;&#108;&#097;&#110;tolo&#103;y&#046;com\" target=\"_self\" style=\"color:#2898a0;background-color:rgba(183,230,232,0.82);border-color:var(--awb-color3);border-radius:4px;font-size:16px;padding:8px;\" data-placement=\"top\" data-title=\"Mail\" title=\"Mail\" data-toggle=\"tooltip\"><\/a><\/div><\/div><\/div><div class=\"person-content fusion-clearfix\"><span style=\"font-size: 13px;\">\u2013 D.U Postgraduate Degree en Parodontologie et Implantologie New York University, NYU College of Dentistry (USA) \u2013 Ancien Attach\u00e9 Universitaire (Facult\u00e9 de Barcelone, UIC) pendant 15 ans \u2013 Master en Neuroth\u00e9rapie Odontologique . Universit\u00e9 de Barcelone \u2013 Approche th\u00e9rapeutique bas\u00e9e sur la dentisterie biologique depuis 2006 \u2013 Pratique de l&rsquo;implantologie c\u00e9ramique depuis 2014<\/span><\/div><\/div><\/div><div class=\"fusion-clearfix\"><\/div><\/div><\/div><div class=\"fusion-layout-column fusion_builder_column fusion-builder-column-4 fusion_builder_column_1_3 1_3 fusion-one-third fusion-column-last fusion-animated\" style=\"--awb-padding-right:10px;--awb-padding-left:10px;--awb-bg-size:cover;width:33.333333333333%;width:calc(33.333333333333% - ( ( 4% + 4% ) * 0.33333333333333 ) );\" data-animationType=\"fadeInDown\" data-animationDuration=\"0.3\" data-animationOffset=\"top-into-view\"><div class=\"fusion-column-wrapper fusion-flex-column-wrapper-legacy\"><div class=\"fusion-person person fusion-person-center fusion-person-3 fusion-person-icon-top\" style=\"--awb-pic-style-color:#000000;--awb-pic-borderradius:50%;--awb-margin-top:0px;--awb-margin-right:0px;--awb-margin-bottom:0px;--awb-margin-left:0px;--awb-social-box-border-top:0px;--awb-social-box-border-right:0px;--awb-social-box-border-bottom:0px;--awb-social-box-border-left:0px;--awb-social-box-border-color:var(--awb-color3);--awb-social-box-border-color-hover:var(--awb-color4);--awb-social-box-colors-hover:rgba(183,230,232,0.656);--awb-social-icon-boxed-colors:rgba(183,230,232,0.82);--awb-social-icon-colors:#2898a0;--awb-social-icon-colors-hover:rgba(40,152,160,0.8);\"><div class=\"person-shortcode-image-wrapper\"><div class=\"person-image-container hover-type-zoomin person-rounded-overflow\" style=\"-webkit-border-radius:50%;-moz-border-radius:50%;border-radius:50%;border:0px solid #04486b;-webkit-border-radius:50%;-moz-border-radius:50%;border-radius:50%;\"><img decoding=\"async\" class=\"person-img img-responsive wp-image-13980\" width=\"300\" height=\"300\" src=\"https:\/\/eacim-ceramic-implantology.com\/wp-content\/uploads\/2025\/11\/trombi-AMB_BE_EACim-ElodieMarchal.jpg\" alt=\"E\u0301lodie MARCHAL\" srcset=\"https:\/\/eacim-ceramic-implantology.com\/wp-content\/uploads\/2025\/11\/trombi-AMB_BE_EACim-ElodieMarchal-200x200.jpg 200w, https:\/\/eacim-ceramic-implantology.com\/wp-content\/uploads\/2025\/11\/trombi-AMB_BE_EACim-ElodieMarchal.jpg 300w\" sizes=\"(max-width: 800px) 100vw, 300px\" \/><\/div><\/div><div class=\"person-desc\" style=\"background-color:#ffffff;padding:40px;margin-top:0;\"><div class=\"person-author\"><div class=\"person-author-wrapper\"><span class=\"person-name\">E\u0301lodie MARCHAL<\/span><span class=\"person-title\">Ambassadeur pour la Belgique<\/span><\/div><\/div><div class=\"person-content fusion-clearfix\"><span style=\"font-size: 13px;\">&#8211; Dipl\u00f4m\u00e9e UCL, Bruxelles. Ancienne attach\u00e9e au service de CMF Cliniques Universitaires Saint Luc, Bruxelles &#8211; Sp\u00e9cialis\u00e9e en implantologie chirurgicale et proth\u00e9tique (Paris VII) &#8211; Pratique priv\u00e9e sp\u00e9cialis\u00e9e en chirurgie orale et parodontale, digital workflow et chirurgie navigu\u00e9e &#8211; Implantologie c\u00e9ramique depuis 2019 &#8211; Enseignement ICDP, DUECI Paris\/Porto<\/span><\/div><\/div><\/div><div class=\"fusion-clearfix\"><\/div><\/div><\/div><div class=\"fusion-layout-column fusion_builder_column fusion-builder-column-5 fusion_builder_column_1_3 1_3 fusion-one-third fusion-column-first fusion-animated\" style=\"--awb-padding-right:10px;--awb-padding-left:10px;--awb-bg-size:cover;width:33.333333333333%;width:calc(33.333333333333% - ( ( 4% + 4% ) * 0.33333333333333 ) );margin-right: 4%;\" data-animationType=\"fadeInDown\" data-animationDuration=\"0.3\" data-animationOffset=\"top-into-view\"><div class=\"fusion-column-wrapper fusion-flex-column-wrapper-legacy\"><div class=\"fusion-person person fusion-person-center fusion-person-4 fusion-person-icon-top\" style=\"--awb-pic-style-color:#000000;--awb-pic-borderradius:50%;--awb-margin-top:0px;--awb-margin-right:0px;--awb-margin-bottom:0px;--awb-margin-left:0px;--awb-social-box-border-top:0px;--awb-social-box-border-right:0px;--awb-social-box-border-bottom:0px;--awb-social-box-border-left:0px;--awb-social-box-border-color:var(--awb-color3);--awb-social-box-border-color-hover:var(--awb-color4);--awb-social-box-colors-hover:rgba(183,230,232,0.656);--awb-social-icon-boxed-colors:rgba(183,230,232,0.82);--awb-social-icon-colors:#2898a0;--awb-social-icon-colors-hover:rgba(40,152,160,0.8);\"><div class=\"person-shortcode-image-wrapper\"><div class=\"person-image-container hover-type-zoomin person-rounded-overflow\" style=\"-webkit-border-radius:50%;-moz-border-radius:50%;border-radius:50%;border:0px solid #04486b;-webkit-border-radius:50%;-moz-border-radius:50%;border-radius:50%;\"><img decoding=\"async\" class=\"person-img img-responsive wp-image-5608\" width=\"300\" height=\"300\" src=\"https:\/\/eacim-ceramic-implantology.com\/wp-content\/uploads\/2020\/04\/tolomeo.gif\" alt=\"Tolomeo BOIOLI\" \/><\/div><\/div><div class=\"person-desc\" style=\"background-color:#ffffff;padding:40px;margin-top:0;\"><div class=\"person-author\"><div class=\"person-author-wrapper\"><span class=\"person-name\">Tolomeo BOIOLI<\/span><span class=\"person-title\">Ambassadeur pour le Grand Duch\u00e9 de Luxembourg <\/span><\/div><div class=\"fusion-social-networks boxed-icons\"><div class=\"fusion-social-networks-wrapper\"><a class=\"fusion-social-network-icon fusion-tooltip fusion-mail awb-icon-mail custom\" aria-label=\"fusion-mail\" href=\"mailto:&#100;&#114;&#098;&#111;ioli&#064;&#112;&#116;&#046;l&#117;\" target=\"_self\" style=\"color:#2898a0;background-color:rgba(183,230,232,0.82);border-color:var(--awb-color3);border-radius:4px;font-size:16px;padding:8px;\" data-placement=\"top\" data-title=\"Mail\" title=\"Mail\" data-toggle=\"tooltip\"><\/a><\/div><\/div><\/div><div class=\"person-content fusion-clearfix\"><span style=\"font-size: 13px;\">&#8211; CES et DU de Parodontologie et d&rsquo;Implantologie &#8211; Master of Science en Biomat\u00e9riaux<br \/>&#8211; Ancien Attach\u00e9 d&rsquo;Enseignement Paris VI &#8211; Piti\u00e9 Salp\u00eatri\u00e8re<br \/>&#8211; Laur\u00e9at de l&rsquo;Acad\u00e9mie Fran\u00e7aise de Chirurgie Dentaire &#8211; Pr\u00e9sident scientifique de l&rsquo;Implant Oral Club Luxembourg<br \/>&#8211; Exercice exclusif en Parodontologie et Implantologie dont c\u00e9ramique depuis 2009<br \/><\/span><\/div><\/div><\/div><div class=\"fusion-clearfix\"><\/div><\/div><\/div><div class=\"fusion-layout-column fusion_builder_column fusion-builder-column-6 fusion_builder_column_1_3 1_3 fusion-one-third fusion-animated\" style=\"--awb-padding-right:10px;--awb-padding-left:10px;--awb-bg-size:cover;width:33.333333333333%;width:calc(33.333333333333% - ( ( 4% + 4% ) * 0.33333333333333 ) );margin-right: 4%;\" data-animationType=\"fadeInDown\" data-animationDuration=\"0.3\" data-animationOffset=\"top-into-view\"><div class=\"fusion-column-wrapper fusion-flex-column-wrapper-legacy\"><div class=\"fusion-person person fusion-person-center fusion-person-5 fusion-person-icon-top\" style=\"--awb-pic-style-color:#000000;--awb-pic-borderradius:50%;--awb-margin-top:0px;--awb-margin-right:0px;--awb-margin-bottom:0px;--awb-margin-left:0px;--awb-social-box-border-top:0px;--awb-social-box-border-right:0px;--awb-social-box-border-bottom:0px;--awb-social-box-border-left:0px;--awb-social-box-border-color:var(--awb-color3);--awb-social-box-border-color-hover:var(--awb-color4);--awb-social-box-colors-hover:rgba(183,230,232,0.656);--awb-social-icon-boxed-colors:rgba(183,230,232,0.82);--awb-social-icon-colors:#2898a0;--awb-social-icon-colors-hover:rgba(40,152,160,0.8);\"><div class=\"person-shortcode-image-wrapper\"><div class=\"person-image-container hover-type-zoomin person-rounded-overflow\" style=\"-webkit-border-radius:50%;-moz-border-radius:50%;border-radius:50%;border:0px solid #04486b;-webkit-border-radius:50%;-moz-border-radius:50%;border-radius:50%;\"><img decoding=\"async\" class=\"person-img img-responsive wp-image-7121\" width=\"300\" height=\"300\" src=\"https:\/\/eacim-ceramic-implantology.com\/wp-content\/uploads\/2021\/05\/trombi-EACim-Duchatelard2021color.gif\" alt=\"Philippe DUCHATELARD\" \/><\/div><\/div><div class=\"person-desc\" style=\"background-color:#ffffff;padding:40px;margin-top:0;\"><div class=\"person-author\"><div class=\"person-author-wrapper\"><span class=\"person-name\">Philippe DUCHATELARD<\/span><span class=\"person-title\">Ambassadeur pour la France<\/span><\/div><div class=\"fusion-social-networks boxed-icons\"><div class=\"fusion-social-networks-wrapper\"><a class=\"fusion-social-network-icon fusion-tooltip fusion-facebook awb-icon-facebook custom\" aria-label=\"fusion-facebook\" href=\"https:\/\/www.facebook.com\/profile.php?id=100005404602866\" target=\"_blank\" rel=\"noopener noreferrer\" style=\"color:#2898a0;background-color:rgba(183,230,232,0.82);border-color:var(--awb-color3);border-radius:4px;font-size:16px;padding:8px;\" data-placement=\"top\" data-title=\"Facebook\" title=\"Facebook\" data-toggle=\"tooltip\"><\/a><\/div><\/div><\/div><div class=\"person-content fusion-clearfix\"><span style=\"font-size: 13px;\">&#8211; Chirurgien-dentiste praticien \u00ab\u00a0soucieux des mat\u00e9riaux et leur biocompatibilit\u00e9\u00a0\u00bb &#8211; Activit\u00e9 clinique principalement p\u00e9ri-implantologie &#8211; \u00c9tudes universitaires : mat\u00e9riaux et fournitures fondamentaux &#8211; Praticien en implantologie c\u00e9ramique depuis 2006 <\/span><\/div><\/div><\/div><div class=\"fusion-clearfix\"><\/div><\/div><\/div><div class=\"fusion-layout-column fusion_builder_column fusion-builder-column-7 fusion_builder_column_1_3 1_3 fusion-one-third fusion-column-last fusion-animated\" style=\"--awb-padding-right:10px;--awb-padding-left:10px;--awb-bg-size:cover;width:33.333333333333%;width:calc(33.333333333333% - ( ( 4% + 4% ) * 0.33333333333333 ) );\" data-animationType=\"fadeInDown\" data-animationDuration=\"0.3\" data-animationOffset=\"top-into-view\"><div class=\"fusion-column-wrapper fusion-flex-column-wrapper-legacy\"><div class=\"fusion-person person fusion-person-center fusion-person-6 fusion-person-icon-top\" style=\"--awb-pic-style-color:#000000;--awb-pic-borderradius:50%;--awb-margin-top:0px;--awb-margin-right:0px;--awb-margin-bottom:0px;--awb-margin-left:0px;--awb-social-box-border-top:0px;--awb-social-box-border-right:0px;--awb-social-box-border-bottom:0px;--awb-social-box-border-left:0px;--awb-social-box-border-color:var(--awb-color3);--awb-social-box-border-color-hover:var(--awb-color4);--awb-social-box-colors-hover:rgba(183,230,232,0.656);--awb-social-icon-boxed-colors:rgba(183,230,232,0.82);--awb-social-icon-colors:#2898a0;--awb-social-icon-colors-hover:rgba(40,152,160,0.8);\"><div class=\"person-shortcode-image-wrapper\"><div class=\"person-image-container hover-type-zoomin person-rounded-overflow\" style=\"-webkit-border-radius:50%;-moz-border-radius:50%;border-radius:50%;border:0px solid #04486b;-webkit-border-radius:50%;-moz-border-radius:50%;border-radius:50%;\"><a href=\"https:\/\/www.cdchampel.ch\/equipe\/dr-norbert-cionca\/\" target=\"_self\"><img decoding=\"async\" class=\"person-img img-responsive wp-image-6888\" width=\"300\" height=\"300\" src=\"https:\/\/eacim-ceramic-implantology.com\/wp-content\/uploads\/2021\/04\/trombi-EACim-ambassador-Cionca.png\" alt=\"Norbert CIONCA\" srcset=\"https:\/\/eacim-ceramic-implantology.com\/wp-content\/uploads\/2021\/04\/trombi-EACim-ambassador-Cionca-200x200.png 200w, https:\/\/eacim-ceramic-implantology.com\/wp-content\/uploads\/2021\/04\/trombi-EACim-ambassador-Cionca.png 300w\" sizes=\"(max-width: 800px) 100vw, 300px\" \/><\/a><\/div><\/div><div class=\"person-desc\" style=\"background-color:#ffffff;padding:40px;margin-top:0;\"><div class=\"person-author\"><div class=\"person-author-wrapper\"><span class=\"person-name\">Norbert CIONCA<\/span><span class=\"person-title\">Ambassadeur pour la Suisse<\/span><\/div><\/div><div class=\"person-content fusion-clearfix\"><span style=\"font-size: 13px;\">&#8211; Charg\u00e9 de cours \u00e0 la Division de parodontologie et de physiopathologie orale de la Facult\u00e9 de m\u00e9decine dentaire de l&rsquo;Universit\u00e9 de Gen\u00e8ve &#8211; Dipl\u00f4me f\u00e9d\u00e9ral de m\u00e9decin-dentiste (D.D.S) &#8211; Doctorat en m\u00e9decine dentaire (Dr. med. dent.) &#8211; Privat Docent (PD) en m\u00e9decine dentaire &#8211; Parodontiste dipl\u00f4m\u00e9 d&rsquo;Etat &#8211; Consultant \u00e0 Geneva School of Hygienist &#8211; Membre de la Swiss Society of Periodontology (SSP) (SSP) &#8211; Membre de International Association for Dental Research (IADR)<\/span><\/div><\/div><\/div><div class=\"fusion-clearfix\"><\/div><\/div><\/div><div class=\"fusion-layout-column fusion_builder_column fusion-builder-column-8 fusion_builder_column_1_3 1_3 fusion-one-third fusion-column-first fusion-animated\" style=\"--awb-padding-right:10px;--awb-padding-left:10px;--awb-bg-size:cover;width:33.333333333333%;width:calc(33.333333333333% - ( ( 4% + 4% ) * 0.33333333333333 ) );margin-right: 4%;\" data-animationType=\"fadeInDown\" data-animationDuration=\"0.3\" data-animationOffset=\"top-into-view\"><div class=\"fusion-column-wrapper fusion-flex-column-wrapper-legacy\"><div class=\"fusion-person person fusion-person-center fusion-person-7 fusion-person-icon-top\" style=\"--awb-pic-style-color:#000000;--awb-pic-borderradius:50%;--awb-margin-top:0px;--awb-margin-right:0px;--awb-margin-bottom:0px;--awb-margin-left:0px;--awb-social-box-border-top:0px;--awb-social-box-border-right:0px;--awb-social-box-border-bottom:0px;--awb-social-box-border-left:0px;--awb-social-box-border-color:var(--awb-color3);--awb-social-box-border-color-hover:var(--awb-color4);--awb-social-box-colors-hover:rgba(183,230,232,0.656);--awb-social-icon-boxed-colors:rgba(183,230,232,0.82);--awb-social-icon-colors:#2898a0;--awb-social-icon-colors-hover:rgba(40,152,160,0.8);\"><div class=\"person-shortcode-image-wrapper\"><div class=\"person-image-container hover-type-zoomin person-rounded-overflow\" style=\"-webkit-border-radius:50%;-moz-border-radius:50%;border-radius:50%;border:0px solid #04486b;-webkit-border-radius:50%;-moz-border-radius:50%;border-radius:50%;\"><a href=\"https:\/\/www.ciet.nl\/team\/\" target=\"_self\"><img decoding=\"async\" class=\"person-img img-responsive wp-image-9830\" width=\"300\" height=\"300\" src=\"https:\/\/eacim-ceramic-implantology.com\/wp-content\/uploads\/2023\/02\/Amb-Wiggers-NL.jpg\" alt=\"Laurens WIGGERS\" srcset=\"https:\/\/eacim-ceramic-implantology.com\/wp-content\/uploads\/2023\/02\/Amb-Wiggers-NL-200x200.jpg 200w, https:\/\/eacim-ceramic-implantology.com\/wp-content\/uploads\/2023\/02\/Amb-Wiggers-NL.jpg 300w\" sizes=\"(max-width: 800px) 100vw, 300px\" \/><\/a><\/div><\/div><div class=\"person-desc\" style=\"background-color:#ffffff;padding:40px;margin-top:0;\"><div class=\"person-author\"><div class=\"person-author-wrapper\"><span class=\"person-name\">Laurens WIGGERS<\/span><span class=\"person-title\">Ambassadeur pour less Pays Bas<\/span><\/div><\/div><div class=\"person-content fusion-clearfix\"><span style=\"font-size: 13px;\">&#8211; Dipl\u00f4me de proth\u00e9siste dentaire (IVT) sp\u00e9cialisation en prosthodontie dentaire fixe &#8211; A obtenu l&rsquo;examen de dentiste \u00e0 l&rsquo;ACTA (Amsterdam) &#8211; A d\u00e9marr\u00e9 en 1996 son propre cabinet dentaire avec un accent sur la dentisterie restauratrice &#8211; Fondateur du CIET en 2005, un centre de r\u00e9f\u00e9rence en implantologie et en dentisterie esth\u00e9tique &#8211; Depuis 2008, implantologue certifi\u00e9 (NVOI ) &#8211; KOL pour Carestreamdental &#8211; Conseiller clinique pour le syst\u00e8me implantaire Ceralog Ceramic <\/span><\/div><\/div><\/div><div class=\"fusion-clearfix\"><\/div><\/div><\/div><div class=\"fusion-layout-column fusion_builder_column fusion-builder-column-9 fusion_builder_column_1_3 1_3 fusion-one-third fusion-animated\" style=\"--awb-padding-right:10px;--awb-padding-left:10px;--awb-bg-size:cover;width:33.333333333333%;width:calc(33.333333333333% - ( ( 4% + 4% ) * 0.33333333333333 ) );margin-right: 4%;\" data-animationType=\"fadeInDown\" data-animationDuration=\"0.3\" data-animationOffset=\"top-into-view\"><div class=\"fusion-column-wrapper fusion-flex-column-wrapper-legacy\"><div class=\"fusion-person person fusion-person-center fusion-person-8 fusion-person-icon-top\" style=\"--awb-pic-style-color:#000000;--awb-pic-borderradius:50%;--awb-margin-top:0px;--awb-margin-right:0px;--awb-margin-bottom:0px;--awb-margin-left:0px;--awb-social-box-border-top:0px;--awb-social-box-border-right:0px;--awb-social-box-border-bottom:0px;--awb-social-box-border-left:0px;--awb-social-box-border-color:var(--awb-color3);--awb-social-box-border-color-hover:var(--awb-color4);--awb-social-box-colors-hover:rgba(183,230,232,0.656);--awb-social-icon-boxed-colors:rgba(183,230,232,0.82);--awb-social-icon-colors:#2898a0;--awb-social-icon-colors-hover:rgba(40,152,160,0.8);\"><div class=\"person-shortcode-image-wrapper\"><div class=\"person-image-container hover-type-zoomin person-rounded-overflow\" style=\"-webkit-border-radius:50%;-moz-border-radius:50%;border-radius:50%;border:0px solid #f6f6f6;-webkit-border-radius:50%;-moz-border-radius:50%;border-radius:50%;\"><a href=\"https:\/\/www.linkedin.com\/in\/andrea-enrico-borgonovo-17446456\/?locale=en_US\" target=\"_self\"><img decoding=\"async\" class=\"person-img img-responsive wp-image-9832\" width=\"300\" height=\"300\" src=\"https:\/\/eacim-ceramic-implantology.com\/wp-content\/uploads\/2023\/02\/Amb-Borgonovo-IT.jpg\" alt=\"Andrea Enrico BORGONOVO\" srcset=\"https:\/\/eacim-ceramic-implantology.com\/wp-content\/uploads\/2023\/02\/Amb-Borgonovo-IT-200x200.jpg 200w, https:\/\/eacim-ceramic-implantology.com\/wp-content\/uploads\/2023\/02\/Amb-Borgonovo-IT.jpg 300w\" sizes=\"(max-width: 800px) 100vw, 300px\" \/><\/a><\/div><\/div><div class=\"person-desc\"><div class=\"person-author\"><div class=\"person-author-wrapper\"><span class=\"person-name\">Andrea Enrico BORGONOVO<\/span><span class=\"person-title\">Ambassadeur pour l'Italy<\/span><\/div><\/div><div class=\"person-content fusion-clearfix\"><span style=\"font-size: 13px;\">&#8211; Dipl\u00f4m\u00e9 en m\u00e9decine et en chirurgie buccale et maxillo-faciale (Universit\u00e9 de Milan) &#8211; Parcours acad\u00e9mique en tant que professeur assistant clinique \u00e0 l&rsquo;\u00c9cole de chirurgie buccale, \u00e0 l&rsquo;Universit\u00e9 de Milan &#8211; Vice-chef du d\u00e9partement de dentisterie esth\u00e9tique de l&rsquo;Universit\u00e9 de Milan &#8211; Pratique de chirurgie reconstructive Chirurgie orthognathique et implantologie orale (r\u00e9habilitation sans m\u00e9tal) &#8211; Membre actif de l&rsquo;Acad\u00e9mie italienne d&rsquo;ost\u00e9oint\u00e9gration (IAO) &#8211; Membre du conseil d&rsquo;administration de l&rsquo;Acad\u00e9mie internationale d&rsquo;implantologie c\u00e9ramique (IAOCI) &#8211; membre fondateur de l&rsquo;International Academy of Innovative Dentistry (IAID) &#8211; Membre du comit\u00e9 de r\u00e9daction du European Journal of Dentistry et critique de revues nationales et internationales &#8211; Auteur de plus de 150 publications internationales et conf\u00e9rencier dans plus de 250 conf\u00e9rences<\/span><\/div><\/div><\/div><div class=\"fusion-clearfix\"><\/div><\/div><\/div><div class=\"fusion-layout-column fusion_builder_column fusion-builder-column-10 fusion_builder_column_1_3 1_3 fusion-one-third fusion-column-last fusion-animated\" style=\"--awb-padding-right:5px;--awb-padding-left:5px;--awb-bg-size:cover;width:33.333333333333%;width:calc(33.333333333333% - ( ( 4% + 4% ) * 0.33333333333333 ) );\" data-animationType=\"fadeInDown\" data-animationDuration=\"0.3\" data-animationOffset=\"top-into-view\"><div class=\"fusion-column-wrapper fusion-column-has-shadow fusion-flex-column-wrapper-legacy\"><div class=\"fusion-person person fusion-person-center fusion-person-9 fusion-person-icon-top\" style=\"--awb-pic-style-color:#000000;--awb-pic-borderradius:50%;--awb-margin-top:0px;--awb-margin-right:0px;--awb-margin-bottom:0px;--awb-margin-left:0px;--awb-social-box-border-top:0px;--awb-social-box-border-right:0px;--awb-social-box-border-bottom:0px;--awb-social-box-border-left:0px;--awb-social-box-border-color:var(--awb-color3);--awb-social-box-border-color-hover:var(--awb-color4);--awb-social-box-colors-hover:rgba(183,230,232,0.656);--awb-social-icon-boxed-colors:rgba(183,230,232,0.82);--awb-social-icon-colors:#2898a0;--awb-social-icon-colors-hover:rgba(40,152,160,0.8);\"><div class=\"person-shortcode-image-wrapper\"><div class=\"person-image-container hover-type-zoomin person-rounded-overflow\" style=\"-webkit-border-radius:50%;-moz-border-radius:50%;border-radius:50%;border:0px solid #04486b;-webkit-border-radius:50%;-moz-border-radius:50%;border-radius:50%;\"><a href=\"https:\/\/www.linkedin.com\/in\/sofia-karapataki-a6a69462\/?originalSubdomain=gr\" target=\"_self\"><img decoding=\"async\" class=\"person-img img-responsive wp-image-9836\" width=\"300\" height=\"300\" src=\"https:\/\/eacim-ceramic-implantology.com\/wp-content\/uploads\/2023\/02\/Amb-Kapattatakn-GR.jpg\" alt=\"Sofia KARAPATAKI\" srcset=\"https:\/\/eacim-ceramic-implantology.com\/wp-content\/uploads\/2023\/02\/Amb-Kapattatakn-GR-200x200.jpg 200w, https:\/\/eacim-ceramic-implantology.com\/wp-content\/uploads\/2023\/02\/Amb-Kapattatakn-GR.jpg 300w\" sizes=\"(max-width: 800px) 100vw, 300px\" \/><\/a><\/div><\/div><div class=\"person-desc\" style=\"background-color:#ffffff;padding:40px;margin-top:0;\"><div class=\"person-author\"><div class=\"person-author-wrapper\"><span class=\"person-name\">Sofia KARAPATAKI<\/span><span class=\"person-title\">Ambassadeur pour la Gr\u00e8ce <\/span><\/div><\/div><div class=\"person-content fusion-clearfix\"><span style=\"font-size: 13px;\">&#8211; Dipl\u00f4m\u00e9 en 1989 (Universit\u00e9 dentaire d&rsquo;Ath\u00e8nes) &#8211; Sp\u00e9cialisation en Parodontologie-Implantologie \u00e0 l&rsquo;Institut de formation dentaire postuniversitaire de J\u00f6nk\u00f6ping (Su\u00e8de) &#8211; Sous-sp\u00e9cialisations en chirurgie buccale, radiologie , ATM, Proth\u00e8ses sur implants, P\u00e9rio-proth\u00e8ses et Pathologie M\u00e9dicale &#8211; Master of Science, G\u00f6teborg (Su\u00e8de) &#8211; Sp\u00e9cialisation en R\u00e9habilitation Proth\u00e9tique des d\u00e9fauts du visage sur implants &#8211; Formation en FRPC (Espagne), Dentisterie Esth\u00e9tique (Allemagne) &#8211; Membre de l&rsquo;Association Internationale pour la recherche dentaire (IADR) &#8211; Ma\u00eetre de conf\u00e9rences en p\u00e9ri-implantite, dentisterie pure, intol\u00e9rance-implication du syst\u00e8me immunitaire, approche individuelle du patient, implants en zircone<\/span><\/div><\/div><\/div><div class=\"fusion-clearfix\"><\/div><\/div><\/div><div class=\"fusion-layout-column fusion_builder_column fusion-builder-column-11 fusion_builder_column_1_3 1_3 fusion-one-third fusion-column-first fusion-animated\" style=\"--awb-padding-right:10px;--awb-padding-left:10px;--awb-bg-size:cover;width:33.333333333333%;width:calc(33.333333333333% - ( ( 4% ) * 0.33333333333333 ) );margin-right: 4%;\" data-animationType=\"fadeInDown\" data-animationDuration=\"0.3\" data-animationOffset=\"top-into-view\"><div class=\"fusion-column-wrapper fusion-flex-column-wrapper-legacy\"><div class=\"fusion-person person fusion-person-center fusion-person-10 fusion-person-icon-top\" style=\"--awb-pic-style-color:#000000;--awb-pic-borderradius:50%;--awb-margin-top:0px;--awb-margin-right:0px;--awb-margin-bottom:0px;--awb-margin-left:0px;--awb-social-box-border-top:0px;--awb-social-box-border-right:0px;--awb-social-box-border-bottom:0px;--awb-social-box-border-left:0px;--awb-social-box-border-color:var(--awb-color3);--awb-social-box-border-color-hover:var(--awb-color4);--awb-social-box-colors-hover:rgba(183,230,232,0.656);--awb-social-icon-boxed-colors:rgba(183,230,232,0.82);--awb-social-icon-colors:#2898a0;--awb-social-icon-colors-hover:rgba(40,152,160,0.8);\"><div class=\"person-shortcode-image-wrapper\"><div class=\"person-image-container hover-type-zoomin person-rounded-overflow\" style=\"-webkit-border-radius:50%;-moz-border-radius:50%;border-radius:50%;border:0px solid #f6f6f6;-webkit-border-radius:50%;-moz-border-radius:50%;border-radius:50%;\"><img decoding=\"async\" class=\"person-img img-responsive wp-image-10746\" width=\"300\" height=\"300\" src=\"https:\/\/eacim-ceramic-implantology.com\/wp-content\/uploads\/2024\/01\/Trombi-Helena-Francisco.jpg\" alt=\"Helena FRANCISCO \" srcset=\"https:\/\/eacim-ceramic-implantology.com\/wp-content\/uploads\/2024\/01\/Trombi-Helena-Francisco-200x200.jpg 200w, https:\/\/eacim-ceramic-implantology.com\/wp-content\/uploads\/2024\/01\/Trombi-Helena-Francisco.jpg 300w\" sizes=\"(max-width: 800px) 100vw, 300px\" \/><\/div><\/div><div class=\"person-desc\"><div class=\"person-author\"><div class=\"person-author-wrapper\"><span class=\"person-name\">Helena FRANCISCO <\/span><span class=\"person-title\">Ambassadeur pour le Portugal<\/span><\/div><\/div><div class=\"person-content fusion-clearfix\"><span style=\"font-size: 13px;\">&#8211; DDS, PhD et MSc, \u00c9cole de m\u00e9decine dentaire de l&rsquo;Universit\u00e9 de Lisbonne &#8211; Certificat de troisi\u00e8me cycle en parodontologie et dentisterie implantaire du New York University College of Dentistry, New York &#8211; Sp\u00e9cialiste en chirurgie buccale par l&rsquo;Association dentaire portugaise &#8211; Professeur agr\u00e9g\u00e9 avec agr\u00e9gation et coordinateur des programmes de troisi\u00e8me cycle en chirurgie buccale et en dentisterie implantaire \u00e0 l&rsquo;Universit\u00e9 de Lisbonne, \u00c9cole de m\u00e9decine dentaire &#8211; Membre du comit\u00e9 scientifique de l&rsquo;Association dentaire portugaise &#8211; Pr\u00e9sident des anciens \u00e9l\u00e8ves de Dennis Tarnow Association &#8211; Vice-pr\u00e9sident de la Soci\u00e9t\u00e9 Portugaise d&rsquo;Implants et d&rsquo;Oss\u00e9oint\u00e9gration (SOPIO) &#8211; Membre du Conseil d&rsquo;Administration de l&rsquo;Association Europ\u00e9enne d&rsquo;Oss\u00e9oint\u00e9gration &#8211; Pr\u00e9sident du Comit\u00e9 d&rsquo;\u00c9ducation de l&rsquo;Association Europ\u00e9enne d&rsquo;Oss\u00e9int\u00e9gration ITI Fellow (\u00c9quipe Internationale d&rsquo;Implantologie) &#8211; R\u00e9dacteur associ\u00e9 de l&rsquo;International Journal of Prosthodontics et du journal de la Sociedade Portuguesa de Estomatologia e Medicina Dent\u00e1ria et membre du comit\u00e9 de r\u00e9daction de l&rsquo;International Journal of Esthetic Dentistry &#8211; Auteur et co-auteur de plusieurs articles, conf\u00e9rences, communications, affiches et autres publications nationales et publications internationales &#8211; Pratique priv\u00e9e \u00e0 l&rsquo; Instituto Implantologia de Lisbonne<\/span><\/div><\/div><\/div><div class=\"fusion-clearfix\"><\/div><\/div><\/div><div class=\"fusion-layout-column fusion_builder_column fusion-builder-column-12 fusion_builder_column_1_3 1_3 fusion-one-third fusion-column-last\" style=\"--awb-bg-size:cover;width:33.333333333333%;width:calc(33.333333333333% - ( ( 4% ) * 0.33333333333333 ) );\"><div class=\"fusion-column-wrapper fusion-column-has-shadow fusion-flex-column-wrapper-legacy\"><div class=\"fusion-menu-anchor\" id=\"Zone_Afrique_MO_EN\"><\/div><div class=\"fusion-sep-clear\"><\/div><div class=\"fusion-separator fusion-full-width-sep\" style=\"margin-left: auto;margin-right: auto;margin-top:20px;width:100%;\"><div class=\"fusion-separator-border sep-single sep-solid\" style=\"--awb-height:20px;--awb-amount:20px;border-color:#e0dede;border-top-width:1px;\"><\/div><\/div><div class=\"fusion-sep-clear\"><\/div><div class=\"fusion-clearfix\"><\/div><\/div><\/div><\/div><\/div><div class=\"fusion-fullwidth fullwidth-box fusion-builder-row-4 fusion-flex-container has-pattern-background has-mask-background nonhundred-percent-fullwidth non-hundred-percent-height-scrolling\" style=\"--awb-border-radius-top-left:0px;--awb-border-radius-top-right:0px;--awb-border-radius-bottom-right:0px;--awb-border-radius-bottom-left:0px;--awb-flex-wrap:wrap;\" ><div class=\"fusion-builder-row fusion-row fusion-flex-align-items-flex-start fusion-flex-content-wrap\" style=\"max-width:1144px;margin-left: calc(-4% \/ 2 );margin-right: calc(-4% \/ 2 );\"><div class=\"fusion-layout-column fusion_builder_column fusion-builder-column-13 fusion_builder_column_1_1 1_1 fusion-flex-column\" style=\"--awb-bg-size:cover;--awb-width-large:100%;--awb-margin-top-large:0px;--awb-spacing-right-large:1.92%;--awb-margin-bottom-large:20px;--awb-spacing-left-large:1.92%;--awb-width-medium:100%;--awb-order-medium:0;--awb-spacing-right-medium:1.92%;--awb-spacing-left-medium:1.92%;--awb-width-small:100%;--awb-order-small:0;--awb-spacing-right-small:1.92%;--awb-spacing-left-small:1.92%;\"><div class=\"fusion-column-wrapper fusion-column-has-shadow fusion-flex-justify-content-flex-start fusion-content-layout-column\"><div class=\"fusion-separator fusion-full-width-sep\" style=\"align-self: center;margin-left: auto;margin-right: auto;margin-top:30px;width:100%;\"><div class=\"fusion-separator-border sep-single sep-solid\" style=\"--awb-height:20px;--awb-amount:20px;border-color:#e0dede;border-top-width:1px;\"><\/div><\/div><\/div><\/div><\/div><\/div><div class=\"fusion-fullwidth fullwidth-box fusion-builder-row-5 nonhundred-percent-fullwidth non-hundred-percent-height-scrolling\" style=\"--awb-border-radius-top-left:0px;--awb-border-radius-top-right:0px;--awb-border-radius-bottom-right:0px;--awb-border-radius-bottom-left:0px;--awb-flex-wrap:wrap;\" ><div class=\"fusion-builder-row fusion-row\"><div class=\"fusion-layout-column fusion_builder_column fusion-builder-column-14 fusion_builder_column_1_1 1_1 fusion-one-full fusion-column-first fusion-column-last fusion-animated\" style=\"--awb-bg-size:cover;\" data-animationType=\"flash\" data-animationDuration=\"0.3\" data-animationOffset=\"top-into-view\"><div class=\"fusion-column-wrapper fusion-flex-column-wrapper-legacy\"><div class=\"fusion-text fusion-text-3\"><p><\/p>\n<div>\n<h2>Les Ambassadeurs d&rsquo;Afrique et du Moyen-Orient<\/h2>\n<\/div>\n<p><!-- \/wp:post-content --><\/p>\n<p><!-- wp:paragraph --><\/p>\n<\/div><div class=\"fusion-clearfix\"><\/div><\/div><\/div><div class=\"fusion-layout-column fusion_builder_column fusion-builder-column-15 fusion_builder_column_1_3 1_3 fusion-one-third fusion-column-first fusion-animated\" style=\"--awb-padding-right:5px;--awb-padding-left:5px;--awb-bg-size:cover;width:33.333333333333%;width:calc(33.333333333333% - ( ( 4% + 4% ) * 0.33333333333333 ) );margin-right: 4%;\" data-animationType=\"fadeInDown\" data-animationDuration=\"0.3\" data-animationOffset=\"top-into-view\"><div class=\"fusion-column-wrapper fusion-column-has-shadow fusion-flex-column-wrapper-legacy\"><div class=\"fusion-person person fusion-person-center fusion-person-11 fusion-person-icon-top\" style=\"--awb-pic-style-color:#000000;--awb-pic-borderradius:50%;--awb-margin-top:0px;--awb-margin-right:0px;--awb-margin-bottom:0px;--awb-margin-left:0px;--awb-social-box-border-top:0px;--awb-social-box-border-right:0px;--awb-social-box-border-bottom:0px;--awb-social-box-border-left:0px;--awb-social-box-border-color:var(--awb-color3);--awb-social-box-border-color-hover:var(--awb-color4);--awb-social-box-colors-hover:rgba(183,230,232,0.656);--awb-social-icon-boxed-colors:rgba(183,230,232,0.82);--awb-social-icon-colors:#2898a0;--awb-social-icon-colors-hover:rgba(40,152,160,0.8);\"><div class=\"person-shortcode-image-wrapper\"><div class=\"person-image-container hover-type-zoomin person-rounded-overflow\" style=\"-webkit-border-radius:50%;-moz-border-radius:50%;border-radius:50%;border:0px solid #04486b;-webkit-border-radius:50%;-moz-border-radius:50%;border-radius:50%;\"><a href=\"https:\/\/www.m-m-m.co.il\/\" target=\"_self\"><img decoding=\"async\" class=\"person-img img-responsive wp-image-10343\" width=\"300\" height=\"300\" src=\"https:\/\/eacim-ceramic-implantology.com\/wp-content\/uploads\/2023\/11\/trombi-EACim-Dahan-Israel.gif\" alt=\"Bernard DAHAN \" \/><\/a><\/div><\/div><div class=\"person-desc\" style=\"background-color:#ffffff;padding:40px;margin-top:0;\"><div class=\"person-author\"><div class=\"person-author-wrapper\"><span class=\"person-name\">Bernard DAHAN <\/span><span class=\"person-title\">Ambassadeur pour Isra\u00ebl <\/span><\/div><div class=\"fusion-social-networks boxed-icons\"><div class=\"fusion-social-networks-wrapper\"><a class=\"fusion-social-network-icon fusion-tooltip fusion-linkedin awb-icon-linkedin custom\" aria-label=\"fusion-linkedin\" href=\"https:\/\/www.linkedin.com\/in\/bernard-dahan-05100138\/\" target=\"_blank\" rel=\"noopener noreferrer\" style=\"color:#2898a0;background-color:rgba(183,230,232,0.82);border-color:var(--awb-color3);border-radius:4px;font-size:16px;padding:8px;\" data-placement=\"top\" data-title=\"LinkedIn\" title=\"LinkedIn\" data-toggle=\"tooltip\"><\/a><\/div><\/div><\/div><div class=\"person-content fusion-clearfix\"><span style=\"font-size: 13px;\">&#8211; Docteur en chirurgie dentaire (Toulouse 1976) &#8211; Sp\u00e9cialisation en parodontologie (Aix-Marseille 1978) &#8211; Activit\u00e9 concentr\u00e9e en r\u00e9g\u00e9n\u00e9ration osseuse, implantologie, microchirurgie et th\u00e9rapie laser &#8211; En charge de un centre de formation \u00ab\u00a0The Private Academy\u00a0\u00bb \u00e0 Ha\u00effa en Isra\u00ebl &#8211; Ma\u00eetre de conf\u00e9rences en Isra\u00ebl et dans le monde entier &#8211; Membre de : L&rsquo;Association Isra\u00e9lienne de Parodontologie et d&rsquo;Oss\u00e9oint\u00e9gration \/ La F\u00e9d\u00e9ration Europ\u00e9enne de Parodontologie \/ L&rsquo;Association of Microscope Enhanced Dentistry \/ L&rsquo;Acad\u00e9mie Am\u00e9ricaine de Parodontologie<\/span><\/div><\/div><\/div><div class=\"fusion-clearfix\"><\/div><\/div><\/div><div class=\"fusion-layout-column fusion_builder_column fusion-builder-column-16 fusion_builder_column_1_3 1_3 fusion-one-third fusion-animated\" style=\"--awb-padding-right:5px;--awb-padding-left:5px;--awb-bg-size:cover;width:33.333333333333%;width:calc(33.333333333333% - ( ( 4% + 4% ) * 0.33333333333333 ) );margin-right: 4%;\" data-animationType=\"fadeInDown\" data-animationDuration=\"0.3\" data-animationOffset=\"top-into-view\"><div class=\"fusion-column-wrapper fusion-column-has-shadow fusion-flex-column-wrapper-legacy\"><div class=\"fusion-person person fusion-person-center fusion-person-12 fusion-person-icon-top\" style=\"--awb-pic-style-color:#000000;--awb-pic-borderradius:50%;--awb-margin-top:0px;--awb-margin-right:0px;--awb-margin-bottom:0px;--awb-margin-left:0px;--awb-social-box-border-top:0px;--awb-social-box-border-right:0px;--awb-social-box-border-bottom:0px;--awb-social-box-border-left:0px;--awb-social-box-border-color:var(--awb-color3);--awb-social-box-border-color-hover:var(--awb-color4);--awb-social-box-colors-hover:rgba(183,230,232,0.656);--awb-social-icon-boxed-colors:rgba(183,230,232,0.82);--awb-social-icon-colors:#2898a0;--awb-social-icon-colors-hover:rgba(40,152,160,0.8);\"><div class=\"person-shortcode-image-wrapper\"><div class=\"person-image-container hover-type-zoomin person-rounded-overflow\" style=\"-webkit-border-radius:50%;-moz-border-radius:50%;border-radius:50%;border:0px solid #04486b;-webkit-border-radius:50%;-moz-border-radius:50%;border-radius:50%;\"><img decoding=\"async\" class=\"person-img img-responsive wp-image-10740\" width=\"300\" height=\"300\" src=\"https:\/\/eacim-ceramic-implantology.com\/wp-content\/uploads\/2024\/01\/trombi-Julien-Ndjoh-AMB-Afrique.jpg\" alt=\"Jules Julien NDJOH \" srcset=\"https:\/\/eacim-ceramic-implantology.com\/wp-content\/uploads\/2024\/01\/trombi-Julien-Ndjoh-AMB-Afrique-200x200.jpg 200w, https:\/\/eacim-ceramic-implantology.com\/wp-content\/uploads\/2024\/01\/trombi-Julien-Ndjoh-AMB-Afrique.jpg 300w\" sizes=\"(max-width: 800px) 100vw, 300px\" \/><\/div><\/div><div class=\"person-desc\" style=\"background-color:#ffffff;padding:40px;margin-top:0;\"><div class=\"person-author\"><div class=\"person-author-wrapper\"><span class=\"person-name\">Jules Julien NDJOH <\/span><span class=\"person-title\">Ambassadeur pour l'Afrique<\/span><\/div><\/div><div class=\"person-content fusion-clearfix\"><span style=\"font-size: 13px;\"> &#8211; Ma\u00eetre de conf\u00e9rences en Implantologie et Parodontologie \u00e0 la Facult\u00e9 de M\u00e9decine et des Sciences Biom\u00e9dicales, Universit\u00e9 de Yaound\u00e9 I, Cameroun &#8211; Chef du Laboratoire d&rsquo;Implantologie et Parodontologie \u00e0 la Facult\u00e9 de M\u00e9decine et des Sciences Biom\u00e9dicales , Universit\u00e9 de Yaound\u00e9 I &#8211; 2\u00e8me Vice-Pr\u00e9sident du Coll\u00e8ge Africain de Stomatologie et Chirurgie Maxillo-Faciale (COSA-CMF) &#8211; Candidat \u00e0 l&rsquo;EACim Ambassadeur pour l&rsquo;Afrique Subsaharienne \u2013 Dipl\u00f4me en Sciences Dentaires de l&rsquo;Universit\u00e9 Libre de Bruxelles &#8211; Certificat de Formation Clinique et Chirurgicale en Implant-paro et Proth\u00e8se Implantaire de l&rsquo;Ecole Implant Paro de Paris &#8211; Certificat d&rsquo;Etudes Approfondies en Parodontologie et Implantologie de l&rsquo;Universit\u00e9 de Lyon &#8211; Certificat de Chirurgie Avanc\u00e9e en Implantologie et Parodontologie de l&rsquo;International Dental Implant Institute of Miami &#8211; Doctorat en Implantologie Orale obtenu de la Facult\u00e9 de M\u00e9decine et des Sciences Biom\u00e9dicales, Universit\u00e9 de Yaound\u00e9 I<\/span><\/div><\/div><\/div><div class=\"fusion-clearfix\"><\/div><\/div><\/div><div class=\"fusion-layout-column fusion_builder_column fusion-builder-column-17 fusion_builder_column_1_3 1_3 fusion-one-third fusion-column-last fusion-animated\" style=\"--awb-padding-right:5px;--awb-padding-left:5px;--awb-bg-size:cover;width:33.333333333333%;width:calc(33.333333333333% - ( ( 4% + 4% ) * 0.33333333333333 ) );\" data-animationType=\"fadeInDown\" data-animationDuration=\"0.3\" data-animationOffset=\"top-into-view\"><div class=\"fusion-column-wrapper fusion-column-has-shadow fusion-flex-column-wrapper-legacy\"><div class=\"fusion-person person fusion-person-center fusion-person-13 fusion-person-icon-top\" style=\"--awb-pic-style-color:#000000;--awb-pic-borderradius:50%;--awb-margin-top:0px;--awb-margin-right:0px;--awb-margin-bottom:0px;--awb-margin-left:0px;--awb-social-box-border-top:0px;--awb-social-box-border-right:0px;--awb-social-box-border-bottom:0px;--awb-social-box-border-left:0px;--awb-social-box-border-color:var(--awb-color3);--awb-social-box-border-color-hover:var(--awb-color4);--awb-social-box-colors-hover:rgba(183,230,232,0.656);--awb-social-icon-boxed-colors:rgba(183,230,232,0.82);--awb-social-icon-colors:#2898a0;--awb-social-icon-colors-hover:rgba(40,152,160,0.8);\"><div class=\"person-shortcode-image-wrapper\"><div class=\"person-image-container hover-type-zoomin person-rounded-overflow\" style=\"-webkit-border-radius:50%;-moz-border-radius:50%;border-radius:50%;border:0px solid #04486b;-webkit-border-radius:50%;-moz-border-radius:50%;border-radius:50%;\"><a href=\"www.bdsclinic.com\" target=\"_self\"><img decoding=\"async\" class=\"person-img img-responsive wp-image-10735\" width=\"300\" height=\"300\" src=\"https:\/\/eacim-ceramic-implantology.com\/wp-content\/uploads\/2024\/01\/trombi-Peter-Tawil-def-AMB-Liban.jpg\" alt=\"Peter TAWIL \" srcset=\"https:\/\/eacim-ceramic-implantology.com\/wp-content\/uploads\/2024\/01\/trombi-Peter-Tawil-def-AMB-Liban-200x200.jpg 200w, https:\/\/eacim-ceramic-implantology.com\/wp-content\/uploads\/2024\/01\/trombi-Peter-Tawil-def-AMB-Liban.jpg 300w\" sizes=\"(max-width: 800px) 100vw, 300px\" \/><\/a><\/div><\/div><div class=\"person-desc\" style=\"background-color:#ffffff;padding:40px;margin-top:0;\"><div class=\"person-author\"><div class=\"person-author-wrapper\"><span class=\"person-name\">Peter TAWIL <\/span><span class=\"person-title\">Ambassadeur pour le Liban<\/span><\/div><\/div><div class=\"person-content fusion-clearfix\"><span style=\"font-size: 13px;\"> &#8211; Dipl\u00f4me dentaire de l&rsquo;Universit\u00e9 Saint-Joseph de Beyrouth &#8211; Formation sp\u00e9cialis\u00e9e en parodontie &#8211; Ma\u00eetrise en biologie orale \u00e0 l&rsquo;Universit\u00e9 de Pennsylvanie (\u00c9tats-Unis) &#8211; Dipl\u00f4m\u00e9 de l&rsquo;American Board of Periodontology &#8211; Autoris\u00e9 \u00e0 pratiquer la dentisterie dans le Commonwealth de Virginie (\u00c9tats-Unis) &#8211; Certification du North East Regional Board (NERB) et de l&rsquo;American National Dental Board &#8211; Autorisation d&rsquo;exercer au Liban, Membre de l&rsquo;Acad\u00e9mie am\u00e9ricaine de parodontologie &#8211; Membre de l&rsquo;Acad\u00e9mie d&rsquo;ost\u00e9oint\u00e9gration &#8211; Chercheur en parodontologie et implants dentaires &#8211; Conf\u00e9rencier international<\/span><\/div><\/div><\/div><div class=\"fusion-clearfix\"><\/div><\/div><\/div><div class=\"fusion-layout-column fusion_builder_column fusion-builder-column-18 fusion_builder_column_1_3 1_3 fusion-one-third fusion-column-first fusion-animated\" style=\"--awb-padding-right:5px;--awb-padding-left:5px;--awb-bg-size:cover;width:33.333333333333%;width:calc(33.333333333333% - ( ( 4% ) * 0.33333333333333 ) );margin-right: 4%;\" data-animationType=\"fadeInDown\" data-animationDuration=\"0.3\" data-animationOffset=\"top-into-view\"><div class=\"fusion-column-wrapper fusion-column-has-shadow fusion-flex-column-wrapper-legacy\"><div class=\"fusion-person person fusion-person-center fusion-person-14 fusion-person-icon-top\" style=\"--awb-pic-style-color:#000000;--awb-pic-borderradius:50%;--awb-margin-top:0px;--awb-margin-right:0px;--awb-margin-bottom:0px;--awb-margin-left:0px;--awb-social-box-border-top:0px;--awb-social-box-border-right:0px;--awb-social-box-border-bottom:0px;--awb-social-box-border-left:0px;--awb-social-box-border-color:var(--awb-color3);--awb-social-box-border-color-hover:var(--awb-color4);--awb-social-box-colors-hover:rgba(183,230,232,0.656);--awb-social-icon-boxed-colors:rgba(183,230,232,0.82);--awb-social-icon-colors:#2898a0;--awb-social-icon-colors-hover:rgba(40,152,160,0.8);\"><div class=\"person-shortcode-image-wrapper\"><div class=\"person-image-container hover-type-zoomin person-rounded-overflow\" style=\"-webkit-border-radius:50%;-moz-border-radius:50%;border-radius:50%;border:0px solid #04486b;-webkit-border-radius:50%;-moz-border-radius:50%;border-radius:50%;\"><a href=\"https:\/\/drroze.com\/dr-david-roze\/\" target=\"_self\"><img decoding=\"async\" class=\"person-img img-responsive wp-image-12835\" width=\"300\" height=\"300\" src=\"https:\/\/eacim-ceramic-implantology.com\/wp-content\/uploads\/2024\/10\/trombi-EACim-DavidRoze-Dubai.gif\" alt=\"David ROZE\" \/><\/a><\/div><\/div><div class=\"person-desc\" style=\"background-color:#ffffff;padding:40px;margin-top:0;\"><div class=\"person-author\"><div class=\"person-author-wrapper\"><span class=\"person-name\">David ROZE<\/span><span class=\"person-title\">Ambassadeur des \u00c9mirats Arabes Unis<\/span><\/div><div class=\"fusion-social-networks boxed-icons\"><div class=\"fusion-social-networks-wrapper\"><a class=\"fusion-social-network-icon fusion-tooltip fusion-instagram awb-icon-instagram custom\" aria-label=\"fusion-instagram\" href=\"https:\/\/www.instagram.com\/drrozebiohealth\/?hl=en\" target=\"_blank\" rel=\"noopener noreferrer\" style=\"color:#2898a0;background-color:rgba(183,230,232,0.82);border-color:var(--awb-color3);border-radius:4px;font-size:16px;padding:8px;\" data-placement=\"top\" data-title=\"Instagram\" title=\"Instagram\" data-toggle=\"tooltip\"><\/a><a class=\"fusion-social-network-icon fusion-tooltip fusion-linkedin awb-icon-linkedin custom\" aria-label=\"fusion-linkedin\" href=\"https:\/\/www.linkedin.com\/company\/roze-biohealth-and-biodental-clinics\/?originalSubdomain=ae\" target=\"_blank\" rel=\"noopener noreferrer\" style=\"color:#2898a0;background-color:rgba(183,230,232,0.82);border-color:var(--awb-color3);border-radius:4px;font-size:16px;padding:8px;\" data-placement=\"top\" data-title=\"LinkedIn\" title=\"LinkedIn\" data-toggle=\"tooltip\"><\/a><\/div><\/div><\/div><div class=\"person-content fusion-clearfix\"><span style=\"font-size: 13px;\"> &#8211; Dipl\u00f4m\u00e9 en Chirurgie Dentaire (Universit\u00e9 de Rennes &#8211; France) &#8211; AEA \/ internat en Odontologie, DEA \/ post-dipl\u00f4me en Neurosciences, CES \/ Master en Sciences Biologiques et M\u00e9dicales (Universit\u00e9 de Lille &#8211; France) &#8211; DUI \/ Master en Implantologie (Universit\u00e9 Paris, Piti\u00e9-Salp\u00eatri\u00e8re) &#8211; Formation en implantologie \u00e0 la Harvard Dental School, \u00e0 l&rsquo;Universit\u00e9 de Gen\u00e8ve et \u00e0 Swiss BioHealth (SDS) &#8211; IReconnaissance internationale : Prix des Chefs de Service en Odontologie (2002), 1er prix ADF\/Dentsply award (2002), 1er prix SFMBCB (2001), 1er prix GIRSO (2001) &#8211; Ancien assistant hospitalo-universitaire Universit\u00e9 de Lille &#8211; Ancien Pr\u00e9sident de l&rsquo;UNIO &#8211; Conf\u00e9rencier international &#8211; Ambassadeur de l&rsquo;IAOMT &#8211; FFondateur\/CEO ROZE BioHealth group<\/span><\/div><\/div><\/div><div class=\"fusion-clearfix\"><\/div><\/div><\/div><div class=\"fusion-layout-column fusion_builder_column fusion-builder-column-19 fusion_builder_column_1_3 1_3 fusion-one-third fusion-column-last fusion-animated\" style=\"--awb-padding-right:5px;--awb-padding-left:5px;--awb-bg-size:cover;width:33.333333333333%;width:calc(33.333333333333% - ( ( 4% ) * 0.33333333333333 ) );\" data-animationType=\"fadeInDown\" data-animationDuration=\"0.3\" data-animationOffset=\"top-into-view\"><div class=\"fusion-column-wrapper fusion-column-has-shadow fusion-flex-column-wrapper-legacy\"><div class=\"fusion-person person fusion-person-center fusion-person-15 fusion-person-icon-top\" style=\"--awb-pic-style-color:#000000;--awb-pic-borderradius:50%;--awb-margin-top:0px;--awb-margin-right:0px;--awb-margin-bottom:0px;--awb-margin-left:0px;--awb-social-box-border-top:0px;--awb-social-box-border-right:0px;--awb-social-box-border-bottom:0px;--awb-social-box-border-left:0px;--awb-social-box-border-color:var(--awb-color3);--awb-social-box-border-color-hover:var(--awb-color4);--awb-social-box-colors-hover:rgba(183,230,232,0.656);--awb-social-icon-boxed-colors:rgba(183,230,232,0.82);--awb-social-icon-colors:#2898a0;--awb-social-icon-colors-hover:rgba(40,152,160,0.8);\"><div class=\"person-shortcode-image-wrapper\"><div class=\"person-image-container hover-type-zoomin person-rounded-overflow\" style=\"-webkit-border-radius:50%;-moz-border-radius:50%;border-radius:50%;border:0px solid #04486b;-webkit-border-radius:50%;-moz-border-radius:50%;border-radius:50%;\"><img decoding=\"async\" class=\"person-img img-responsive wp-image-13970\" width=\"300\" height=\"300\" src=\"https:\/\/eacim-ceramic-implantology.com\/wp-content\/uploads\/2025\/10\/trombi-EACim-amb_India_SaurabhGupta.jpg\" alt=\"Saurabh GUPTA\" srcset=\"https:\/\/eacim-ceramic-implantology.com\/wp-content\/uploads\/2025\/10\/trombi-EACim-amb_India_SaurabhGupta-200x200.jpg 200w, https:\/\/eacim-ceramic-implantology.com\/wp-content\/uploads\/2025\/10\/trombi-EACim-amb_India_SaurabhGupta.jpg 300w\" sizes=\"(max-width: 800px) 100vw, 300px\" \/><\/div><\/div><div class=\"person-desc\" style=\"background-color:#ffffff;padding:40px;margin-top:0;\"><div class=\"person-author\"><div class=\"person-author-wrapper\"><span class=\"person-name\">Saurabh GUPTA<\/span><span class=\"person-title\">Ambassadeur pour l'Inde<\/span><\/div><\/div><div class=\"person-content fusion-clearfix\"><span style=\"font-size: 13px;\"> \u2013 Autorit\u00e9 mondiale de premier plan en implantologie c\u00e9ramique et en chirurgie buccale et maxillo-faciale \u2013 Licence de l&rsquo;universit\u00e9 de Manipal et master en chirurgie buccale et maxillo-faciale de l&rsquo;universit\u00e9 Rajiv Gandhi (Inde) \u2013 Professeur adjoint et conseiller en dentisterie num\u00e9rique au Manipal College of Dental Sciences, Mangalore \u2013 Conf\u00e9rencier invit\u00e9 \u00e0 l&rsquo;universit\u00e9 Jaume I (Espagne) pour le master en sciences dentaires \u2013 Membre du comit\u00e9 scientifique de l&rsquo;Acad\u00e9mie europ\u00e9enne d&rsquo;implantologie c\u00e9ramique (EACim) \u2013 Ambassadeur et membre de la CleanImplant Foundation (Allemagne) \u2013 Sp\u00e9cialiste clinique \u00e0 COHO Biotechnology (Ta\u00efwan) \u2013 Fondateur de WhiteZ Dental \u2013 Holistic and Biological Center (Bangalore), int\u00e9grant des concepts biologiques, num\u00e9riques et mini-invasifs dans l&rsquo;implantologie moderne \u2013 Auteur de nombreux chapitres d&rsquo;ouvrages et conf\u00e9rencier international r\u00e9gulier sur l&rsquo;implantologie c\u00e9ramique, les flux de travail num\u00e9riques et la dentisterie biologique \u2013 Activement engag\u00e9 dans la recherche sur les mat\u00e9riaux d&rsquo;implants en zircone, les rev\u00eatements Bioverit et les innovations num\u00e9riques \u2013 Contributeur r\u00e9gulier \u00e0 des revues scientifiques et \u00e0 des initiatives mondiales visant \u00e0 faire progresser l&rsquo;implantologie biologique et sans m\u00e9tal. <\/span><\/div><\/div><\/div><div class=\"fusion-clearfix\"><\/div><\/div><\/div><\/div><\/div><div class=\"fusion-fullwidth fullwidth-box fusion-builder-row-6 nonhundred-percent-fullwidth non-hundred-percent-height-scrolling\" style=\"--awb-border-radius-top-left:0px;--awb-border-radius-top-right:0px;--awb-border-radius-bottom-right:0px;--awb-border-radius-bottom-left:0px;--awb-flex-wrap:wrap;\" ><div class=\"fusion-builder-row fusion-row\"><div class=\"fusion-layout-column fusion_builder_column fusion-builder-column-20 fusion_builder_column_1_1 1_1 fusion-one-full fusion-column-first fusion-column-last\" style=\"--awb-bg-size:cover;\"><div class=\"fusion-column-wrapper fusion-flex-column-wrapper-legacy\"><div class=\"fusion-image-element in-legacy-container\" style=\"--awb-bottom-shadow-color:rgba(0,0,0,0.4);--awb-caption-title-font-family:var(--h2_typography-font-family);--awb-caption-title-font-weight:var(--h2_typography-font-weight);--awb-caption-title-font-style:var(--h2_typography-font-style);--awb-caption-title-size:var(--h2_typography-font-size);--awb-caption-title-transform:var(--h2_typography-text-transform);--awb-caption-title-line-height:var(--h2_typography-line-height);--awb-caption-title-letter-spacing:var(--h2_typography-letter-spacing);\"><div class=\"awb-image-frame awb-image-frame-1 awb-bottomshadow fusion-animated\" data-animationType=\"slideInLeft\" data-animationDuration=\"0.3\" data-animationOffset=\"top-into-view\"><span class=\" fusion-imageframe imageframe-bottomshadow imageframe-1 hover-type-none\"><a class=\"fusion-no-lightbox\" href=\"\/fr\/abonnez-vous-a-notre-newsletter\/\" target=\"_self\" aria-label=\"tagline-newsletter-FR\"><img decoding=\"async\" width=\"1105\" height=\"131\" src=\"https:\/\/eacim-ceramic-implantology.com\/wp-content\/uploads\/2019\/02\/tagline-newsletter-FR.jpg\" alt class=\"img-responsive wp-image-2432\" srcset=\"https:\/\/eacim-ceramic-implantology.com\/wp-content\/uploads\/2019\/02\/tagline-newsletter-FR-200x24.jpg 200w, https:\/\/eacim-ceramic-implantology.com\/wp-content\/uploads\/2019\/02\/tagline-newsletter-FR-400x47.jpg 400w, https:\/\/eacim-ceramic-implantology.com\/wp-content\/uploads\/2019\/02\/tagline-newsletter-FR-600x71.jpg 600w, https:\/\/eacim-ceramic-implantology.com\/wp-content\/uploads\/2019\/02\/tagline-newsletter-FR-800x95.jpg 800w, https:\/\/eacim-ceramic-implantology.com\/wp-content\/uploads\/2019\/02\/tagline-newsletter-FR.jpg 1105w\" sizes=\"(max-width: 800px) 100vw, 1105px\" \/><\/a><\/span><svg xmlns=\"http:\/\/www.w3.org\/2000\/svg\" version=\"1.1\" width=\"100%\" viewBox=\"0 0 600 28\" preserveAspectRatio=\"none\"><g clip-path=\"url(#a)\"><mask id=\"b\" style=\"mask-type:luminance\" maskUnits=\"userSpaceOnUse\" x=\"0\" y=\"0\" width=\"600\" height=\"28\"><path d=\"M0 0h600v28H0V0Z\" fill=\"#fff\"\/><\/mask><g filter=\"url(#c)\" mask=\"url(#b)\"><path d=\"M16.439-18.667h567.123v30.8S438.961-8.4 300-8.4C161.04-8.4 16.438 12.133 16.438 12.133v-30.8Z\" fill=\"#000\"\/><\/g><\/g><defs><clipPath id=\"a\"><path fill=\"#fff\" d=\"M0 0h600v28H0z\"\/><\/clipPath><filter id=\"c\" x=\"5.438\" y=\"-29.667\" width=\"589.123\" height=\"52.8\" filterUnits=\"userSpaceOnUse\" color-interpolation-filters=\"sRGB\"><feFlood flood-opacity=\"0\" result=\"BackgroundImageFix\"\/><feBlend in=\"SourceGraphic\" in2=\"BackgroundImageFix\" result=\"shape\"\/><feGaussianBlur stdDeviation=\"5.5\" result=\"effect1_foregroundBlur_3983_183\"\/><\/filter><\/defs><\/svg><\/div><\/div>\n<div class=\"fusion-title title fusion-title-1 fusion-sep-none fusion-title-center fusion-title-text fusion-title-size-one\" style=\"--awb-margin-top:30px;\"><h1 class=\"fusion-title-heading title-heading-center\" style=\"margin:0;\"><h2>Partenaires EACim :<\/h2>\n\t\n\t\t<div id=\"gs_logo_area_1\" data-shortcode-id=\"1\" class=\"gs_logo_area gs_logo_area_1 slider1 \" data-options='{\"logo_per_page\":\"6\"}' style=\"opacity: 0; visibility: hidden;\">\n\t\t\t<div class=\"gs_logo_area--inner\">\n\n\t\t\t\t<!-- Category Filters - New (Global) -->\n\t\t\t\t\t\n\t\t\t\t\n<div class=\"gs_logo_container gs_carousel_swiper gs_logo_fix_height_and_center\" data-carousel-config='{\"direction\":\"horizontal\",\"speed\":500,\"isAutoplay\":true,\"autoplayDelay\":2000,\"loop\":true,\"pauseOnHover\":true,\"ticker\":false,\"navs\":true,\"navs_pos\":\"bottom\",\"dots\":false,\"dynamic_dots\":true,\"slideSpace\":10,\"slidesPerGroup\":1,\"desktopLogos\":5,\"tabletLogos\":3,\"mobileLogos\":2,\"reverseDirection\":false}'>\n\n\t\n\t\t\n\t\t\t<div class=\"gs_logo_single--wrapper\">\n\t\t\t\t<div class=\"gs_logo_single\">\n\n\t\t\t\t\t<!-- Logo Img -->\n\t\t\t\t\t<img decoding=\"async\" width=\"290\" height=\"136\" src=\"https:\/\/eacim-ceramic-implantology.com\/wp-content\/uploads\/2025\/06\/logo-partenaire-EACim-camlog-2025.jpg\" class=\"tt-placement-top tt-bgcolor-one-%23ff5f6d tt-bgcolor-two-%23ffc371 tt-textcolor-%23fff gs-logo--img wp-post-image\" alt=\"\" title=\"Camlog\" srcset=\"https:\/\/eacim-ceramic-implantology.com\/wp-content\/uploads\/2025\/06\/logo-partenaire-EACim-camlog-2025-200x94.jpg 200w, https:\/\/eacim-ceramic-implantology.com\/wp-content\/uploads\/2025\/06\/logo-partenaire-EACim-camlog-2025.jpg 290w\" sizes=\"(max-width: 290px) 100vw, 290px\" \/>\n\t\t\t\t\t<!-- Logo Title -->\n\t\t\t\t\t\t\t\t\t\t\n\t\t\t\t\t<!-- Logo Category -->\n\t\t\t\t\t\t\t\t\t\t\n\t\t\t\t<\/div>\n\t\t\t<\/div>\n\n\t\t\n\t\t\t<div class=\"gs_logo_single--wrapper\">\n\t\t\t\t<div class=\"gs_logo_single\">\n\n\t\t\t\t\t<!-- Logo Img -->\n\t\t\t\t\t<img decoding=\"async\" width=\"290\" height=\"136\" src=\"https:\/\/eacim-ceramic-implantology.com\/wp-content\/uploads\/2025\/06\/logo-partenaire-EACim-meridian-2025.jpg\" class=\"tt-placement-top tt-bgcolor-one-%23ff5f6d tt-bgcolor-two-%23ffc371 tt-textcolor-%23fff gs-logo--img wp-post-image\" alt=\"\" title=\"Meridian Implant\" srcset=\"https:\/\/eacim-ceramic-implantology.com\/wp-content\/uploads\/2025\/06\/logo-partenaire-EACim-meridian-2025-200x94.jpg 200w, https:\/\/eacim-ceramic-implantology.com\/wp-content\/uploads\/2025\/06\/logo-partenaire-EACim-meridian-2025.jpg 290w\" sizes=\"(max-width: 290px) 100vw, 290px\" \/>\n\t\t\t\t\t<!-- Logo Title -->\n\t\t\t\t\t\t\t\t\t\t\n\t\t\t\t\t<!-- Logo Category -->\n\t\t\t\t\t\t\t\t\t\t\n\t\t\t\t<\/div>\n\t\t\t<\/div>\n\n\t\t\n\t\t\t<div class=\"gs_logo_single--wrapper\">\n\t\t\t\t<div class=\"gs_logo_single\">\n\n\t\t\t\t\t<!-- Logo Img -->\n\t\t\t\t\t<img decoding=\"async\" width=\"290\" height=\"136\" src=\"https:\/\/eacim-ceramic-implantology.com\/wp-content\/uploads\/2025\/06\/logo-partenaire-EACim-Steinsohn-2025.jpg\" class=\"tt-placement-top tt-bgcolor-one-%23ff5f6d tt-bgcolor-two-%23ffc371 tt-textcolor-%23fff gs-logo--img wp-post-image\" alt=\"\" title=\"Steinsohn\" srcset=\"https:\/\/eacim-ceramic-implantology.com\/wp-content\/uploads\/2025\/06\/logo-partenaire-EACim-Steinsohn-2025-200x94.jpg 200w, https:\/\/eacim-ceramic-implantology.com\/wp-content\/uploads\/2025\/06\/logo-partenaire-EACim-Steinsohn-2025.jpg 290w\" sizes=\"(max-width: 290px) 100vw, 290px\" \/>\n\t\t\t\t\t<!-- Logo Title -->\n\t\t\t\t\t\t\t\t\t\t\n\t\t\t\t\t<!-- Logo Category -->\n\t\t\t\t\t\t\t\t\t\t\n\t\t\t\t<\/div>\n\t\t\t<\/div>\n\n\t\t\n\t\t\t<div class=\"gs_logo_single--wrapper\">\n\t\t\t\t<div class=\"gs_logo_single\">\n\n\t\t\t\t\t<!-- Logo Img -->\n\t\t\t\t\t<img decoding=\"async\" width=\"290\" height=\"136\" src=\"https:\/\/eacim-ceramic-implantology.com\/wp-content\/uploads\/2025\/05\/logo-partenaire-sioedent-2025.jpg\" class=\"tt-placement-top tt-bgcolor-one-%23ff5f6d tt-bgcolor-two-%23ffc371 tt-textcolor-%23fff gs-logo--img wp-post-image\" alt=\"\" title=\"Sinedent\" srcset=\"https:\/\/eacim-ceramic-implantology.com\/wp-content\/uploads\/2025\/05\/logo-partenaire-sioedent-2025-200x94.jpg 200w, https:\/\/eacim-ceramic-implantology.com\/wp-content\/uploads\/2025\/05\/logo-partenaire-sioedent-2025.jpg 290w\" sizes=\"(max-width: 290px) 100vw, 290px\" \/>\n\t\t\t\t\t<!-- Logo Title -->\n\t\t\t\t\t\t\t\t\t\t\n\t\t\t\t\t<!-- Logo Category -->\n\t\t\t\t\t\t\t\t\t\t\n\t\t\t\t<\/div>\n\t\t\t<\/div>\n\n\t\t\n\t\t\t<div class=\"gs_logo_single--wrapper\">\n\t\t\t\t<div class=\"gs_logo_single\">\n\n\t\t\t\t\t<!-- Logo Img -->\n\t\t\t\t\t<img decoding=\"async\" width=\"290\" height=\"136\" src=\"https:\/\/eacim-ceramic-implantology.com\/wp-content\/uploads\/2023\/02\/logo-neodent-2024.jpg\" class=\"tt-placement-top tt-bgcolor-one-%23ff5f6d tt-bgcolor-two-%23ffc371 tt-textcolor-%23fff gs-logo--img wp-post-image\" alt=\"\" title=\"NEODENT\" srcset=\"https:\/\/eacim-ceramic-implantology.com\/wp-content\/uploads\/2023\/02\/logo-neodent-2024-200x94.jpg 200w, https:\/\/eacim-ceramic-implantology.com\/wp-content\/uploads\/2023\/02\/logo-neodent-2024.jpg 290w\" sizes=\"(max-width: 290px) 100vw, 290px\" \/>\n\t\t\t\t\t<!-- Logo Title -->\n\t\t\t\t\t\t\t\t\t\t\n\t\t\t\t\t<!-- Logo Category -->\n\t\t\t\t\t\t\t\t\t\t\n\t\t\t\t<\/div>\n\t\t\t<\/div>\n\n\t\t\n\t\t\t<div class=\"gs_logo_single--wrapper\">\n\t\t\t\t<div class=\"gs_logo_single\">\n\n\t\t\t\t\t<!-- Logo Img -->\n\t\t\t\t\t<img decoding=\"async\" width=\"290\" height=\"136\" src=\"https:\/\/eacim-ceramic-implantology.com\/wp-content\/uploads\/2020\/10\/logo-partenaire-patent.jpg\" class=\"tt-placement-top tt-bgcolor-one-%23ff5f6d tt-bgcolor-two-%23ffc371 tt-textcolor-%23fff gs-logo--img wp-post-image\" alt=\"\" title=\"PATENT\" srcset=\"https:\/\/eacim-ceramic-implantology.com\/wp-content\/uploads\/2020\/10\/logo-partenaire-patent-200x94.jpg 200w, https:\/\/eacim-ceramic-implantology.com\/wp-content\/uploads\/2020\/10\/logo-partenaire-patent.jpg 290w\" sizes=\"(max-width: 290px) 100vw, 290px\" \/>\n\t\t\t\t\t<!-- Logo Title -->\n\t\t\t\t\t\t\t\t\t\t\n\t\t\t\t\t<!-- Logo Category -->\n\t\t\t\t\t\t\t\t\t\t\n\t\t\t\t<\/div>\n\t\t\t<\/div>\n\n\t\t\n\t\t\t<div class=\"gs_logo_single--wrapper\">\n\t\t\t\t<div class=\"gs_logo_single\">\n\n\t\t\t\t\t<!-- Logo Img -->\n\t\t\t\t\t<img decoding=\"async\" width=\"290\" height=\"136\" src=\"https:\/\/eacim-ceramic-implantology.com\/wp-content\/uploads\/2020\/02\/logo-partenaire-Z-systems-2024-.jpg\" class=\"tt-placement-top tt-bgcolor-one-%23ff5f6d tt-bgcolor-two-%23ffc371 tt-textcolor-%23fff gs-logo--img wp-post-image\" alt=\"\" title=\"Z-SYSTEMS\" srcset=\"https:\/\/eacim-ceramic-implantology.com\/wp-content\/uploads\/2020\/02\/logo-partenaire-Z-systems-2024--200x94.jpg 200w, https:\/\/eacim-ceramic-implantology.com\/wp-content\/uploads\/2020\/02\/logo-partenaire-Z-systems-2024-.jpg 290w\" sizes=\"(max-width: 290px) 100vw, 290px\" \/>\n\t\t\t\t\t<!-- Logo Title -->\n\t\t\t\t\t\t\t\t\t\t\n\t\t\t\t\t<!-- Logo Category -->\n\t\t\t\t\t\t\t\t\t\t\n\t\t\t\t<\/div>\n\t\t\t<\/div>\n\n\t\t\n\t\t\t<div class=\"gs_logo_single--wrapper\">\n\t\t\t\t<div class=\"gs_logo_single\">\n\n\t\t\t\t\t<!-- Logo Img -->\n\t\t\t\t\t<img decoding=\"async\" width=\"290\" height=\"136\" src=\"https:\/\/eacim-ceramic-implantology.com\/wp-content\/uploads\/2018\/12\/logo-partenaire-bredent.jpg\" class=\"tt-placement-top tt-bgcolor-one-%23ff5f6d tt-bgcolor-two-%23ffc371 tt-textcolor-%23fff gs-logo--img wp-post-image\" alt=\"EACim partner \u00ab\u00a0bredent medical\u00a0\u00bb\" title=\"BREDENT\" srcset=\"https:\/\/eacim-ceramic-implantology.com\/wp-content\/uploads\/2018\/12\/logo-partenaire-bredent-200x94.jpg 200w, https:\/\/eacim-ceramic-implantology.com\/wp-content\/uploads\/2018\/12\/logo-partenaire-bredent.jpg 290w\" sizes=\"(max-width: 290px) 100vw, 290px\" \/>\n\t\t\t\t\t<!-- Logo Title -->\n\t\t\t\t\t\t\t\t\t\t\n\t\t\t\t\t<!-- Logo Category -->\n\t\t\t\t\t\t\t\t\t\t\n\t\t\t\t<\/div>\n\t\t\t<\/div>\n\n\t\t\t\t\n\t\n<\/div>\n\t\t\t\t<!-- Pagination -->\n\t\t\t\t\n\t\t\t<\/div>\n\t\t<\/div>\n\t\n\t\t<style>#gs_logo_area_1:not(.verticaltickerdown):not(.verticalticker) .gs_logo_container{margin-left:-5px}#gs_logo_area_1:not(.verticaltickerdown):not(.verticalticker) .gs_logo_container{margin-right:-5px}#gs_logo_area_1:not(.verticaltickerdown):not(.verticalticker) .gs_logo_single--wrapper{padding:5px}#gs_logo_area_1 ul.gs-logo-filter-cats{text-align:center!important}#gs_logo_area_1 .gs_logo_single--wrapper{width:20%}@media (max-width:1023px){#gs_logo_area_1 .gs_logo_single--wrapper{width:33.333333333333%}}@media (max-width:767px){#gs_logo_area_1 .gs_logo_single--wrapper{width:50%}}<\/style><\/h1><\/div>\n<div class=\"fusion-clearfix\"><\/div><\/div><\/div><\/div><\/div><\/p>","protected":false},"excerpt":{"rendered":"","protected":false},"author":1,"featured_media":0,"parent":0,"menu_order":0,"comment_status":"closed","ping_status":"closed","template":"","meta":{"_price":"","_stock":"","_tribe_ticket_header":"","_tribe_default_ticket_provider":"","_tribe_ticket_capacity":"0","_ticket_start_date":"","_ticket_end_date":"","_tribe_ticket_show_description":"","_tribe_ticket_show_not_going":false,"_tribe_ticket_use_global_stock":"","_tribe_ticket_global_stock_level":"","_global_stock_mode":"","_global_stock_cap":"","_tribe_rsvp_for_event":"","_tribe_ticket_going_count":"","_tribe_ticket_not_going_count":"","_tribe_tickets_list":"[]","_tribe_ticket_has_attendee_info_fields":false,"footnotes":""},"class_list":["post-5646","page","type-page","status-publish","hentry"],"yoast_head":"<!-- This site is optimized with the Yoast SEO plugin v26.4 - https:\/\/yoast.com\/wordpress\/plugins\/seo\/ -->\n<title>Les Ambassadeurs EACim - EACim<\/title>\n<meta name=\"description\" content=\"Qui sont les ambassadeurs de l&#039;EACim, Acad\u00e9mie Europ\u00e9enne d&#039;Implantologie C\u00e9ramique pour partager son savoir-faire en implantologie c\u00e9ramique ?\" \/>\n<meta name=\"robots\" content=\"index, follow, max-snippet:-1, max-image-preview:large, max-video-preview:-1\" \/>\n<link rel=\"canonical\" href=\"https:\/\/eacim-ceramic-implantology.com\/fr\/les-ambassadeurs-eacim\/\" \/>\n<meta property=\"og:locale\" content=\"fr_FR\" \/>\n<meta property=\"og:type\" content=\"article\" \/>\n<meta property=\"og:title\" content=\"Les Ambassadeurs EACim - EACim\" \/>\n<meta property=\"og:description\" content=\"Qui sont les ambassadeurs de l&#039;EACim, Acad\u00e9mie Europ\u00e9enne d&#039;Implantologie C\u00e9ramique pour partager son savoir-faire en implantologie c\u00e9ramique ?\" \/>\n<meta property=\"og:url\" content=\"https:\/\/eacim-ceramic-implantology.com\/fr\/les-ambassadeurs-eacim\/\" \/>\n<meta property=\"og:site_name\" content=\"EACim\" \/>\n<meta property=\"article:modified_time\" content=\"2025-11-06T14:17:05+00:00\" \/>\n<meta name=\"twitter:card\" content=\"summary_large_image\" \/>\n<meta name=\"twitter:label1\" content=\"Dur\u00e9e de lecture estim\u00e9e\" \/>\n\t<meta name=\"twitter:data1\" content=\"11 minutes\" \/>\n<script type=\"application\/ld+json\" class=\"yoast-schema-graph\">{\"@context\":\"https:\/\/schema.org\",\"@graph\":[{\"@type\":\"WebPage\",\"@id\":\"https:\/\/eacim-ceramic-implantology.com\/fr\/les-ambassadeurs-eacim\/\",\"url\":\"https:\/\/eacim-ceramic-implantology.com\/fr\/les-ambassadeurs-eacim\/\",\"name\":\"Les Ambassadeurs EACim - EACim\",\"isPartOf\":{\"@id\":\"https:\/\/3c9a-d050ef7659ec.wptiger.fr\/#website\"},\"datePublished\":\"2020-04-26T10:11:25+00:00\",\"dateModified\":\"2025-11-06T14:17:05+00:00\",\"description\":\"Qui sont les ambassadeurs de l'EACim, Acad\u00e9mie Europ\u00e9enne d'Implantologie C\u00e9ramique pour partager son savoir-faire en implantologie c\u00e9ramique ?\",\"breadcrumb\":{\"@id\":\"https:\/\/eacim-ceramic-implantology.com\/fr\/les-ambassadeurs-eacim\/#breadcrumb\"},\"inLanguage\":\"fr-FR\",\"potentialAction\":[{\"@type\":\"ReadAction\",\"target\":[\"https:\/\/eacim-ceramic-implantology.com\/fr\/les-ambassadeurs-eacim\/\"]}]},{\"@type\":\"BreadcrumbList\",\"@id\":\"https:\/\/eacim-ceramic-implantology.com\/fr\/les-ambassadeurs-eacim\/#breadcrumb\",\"itemListElement\":[{\"@type\":\"ListItem\",\"position\":1,\"name\":\"Accueil\",\"item\":\"https:\/\/eacim-ceramic-implantology.com\/fr\/\"},{\"@type\":\"ListItem\",\"position\":2,\"name\":\"Les Ambassadeurs EACim\"}]},{\"@type\":\"WebSite\",\"@id\":\"https:\/\/3c9a-d050ef7659ec.wptiger.fr\/#website\",\"url\":\"https:\/\/3c9a-d050ef7659ec.wptiger.fr\/\",\"name\":\"EACim\",\"description\":\"European Academy of Ceramic Implantology\",\"potentialAction\":[{\"@type\":\"SearchAction\",\"target\":{\"@type\":\"EntryPoint\",\"urlTemplate\":\"https:\/\/3c9a-d050ef7659ec.wptiger.fr\/?s={search_term_string}\"},\"query-input\":{\"@type\":\"PropertyValueSpecification\",\"valueRequired\":true,\"valueName\":\"search_term_string\"}}],\"inLanguage\":\"fr-FR\"}]}<\/script>\n<!-- \/ Yoast SEO plugin. -->","yoast_head_json":{"title":"Les Ambassadeurs EACim - EACim","description":"Qui sont les ambassadeurs de l'EACim, Acad\u00e9mie Europ\u00e9enne d'Implantologie C\u00e9ramique pour partager son savoir-faire en implantologie c\u00e9ramique ?","robots":{"index":"index","follow":"follow","max-snippet":"max-snippet:-1","max-image-preview":"max-image-preview:large","max-video-preview":"max-video-preview:-1"},"canonical":"https:\/\/eacim-ceramic-implantology.com\/fr\/les-ambassadeurs-eacim\/","og_locale":"fr_FR","og_type":"article","og_title":"Les Ambassadeurs EACim - EACim","og_description":"Qui sont les ambassadeurs de l'EACim, Acad\u00e9mie Europ\u00e9enne d'Implantologie C\u00e9ramique pour partager son savoir-faire en implantologie c\u00e9ramique ?","og_url":"https:\/\/eacim-ceramic-implantology.com\/fr\/les-ambassadeurs-eacim\/","og_site_name":"EACim","article_modified_time":"2025-11-06T14:17:05+00:00","twitter_card":"summary_large_image","twitter_misc":{"Dur\u00e9e de lecture estim\u00e9e":"11 minutes"},"schema":{"@context":"https:\/\/schema.org","@graph":[{"@type":"WebPage","@id":"https:\/\/eacim-ceramic-implantology.com\/fr\/les-ambassadeurs-eacim\/","url":"https:\/\/eacim-ceramic-implantology.com\/fr\/les-ambassadeurs-eacim\/","name":"Les Ambassadeurs EACim - EACim","isPartOf":{"@id":"https:\/\/3c9a-d050ef7659ec.wptiger.fr\/#website"},"datePublished":"2020-04-26T10:11:25+00:00","dateModified":"2025-11-06T14:17:05+00:00","description":"Qui sont les ambassadeurs de l'EACim, Acad\u00e9mie Europ\u00e9enne d'Implantologie C\u00e9ramique pour partager son savoir-faire en implantologie c\u00e9ramique ?","breadcrumb":{"@id":"https:\/\/eacim-ceramic-implantology.com\/fr\/les-ambassadeurs-eacim\/#breadcrumb"},"inLanguage":"fr-FR","potentialAction":[{"@type":"ReadAction","target":["https:\/\/eacim-ceramic-implantology.com\/fr\/les-ambassadeurs-eacim\/"]}]},{"@type":"BreadcrumbList","@id":"https:\/\/eacim-ceramic-implantology.com\/fr\/les-ambassadeurs-eacim\/#breadcrumb","itemListElement":[{"@type":"ListItem","position":1,"name":"Accueil","item":"https:\/\/eacim-ceramic-implantology.com\/fr\/"},{"@type":"ListItem","position":2,"name":"Les Ambassadeurs EACim"}]},{"@type":"WebSite","@id":"https:\/\/3c9a-d050ef7659ec.wptiger.fr\/#website","url":"https:\/\/3c9a-d050ef7659ec.wptiger.fr\/","name":"EACim","description":"European Academy of Ceramic Implantology","potentialAction":[{"@type":"SearchAction","target":{"@type":"EntryPoint","urlTemplate":"https:\/\/3c9a-d050ef7659ec.wptiger.fr\/?s={search_term_string}"},"query-input":{"@type":"PropertyValueSpecification","valueRequired":true,"valueName":"search_term_string"}}],"inLanguage":"fr-FR"}]}},"_links":{"self":[{"href":"https:\/\/eacim-ceramic-implantology.com\/fr\/wp-json\/wp\/v2\/pages\/5646","targetHints":{"allow":["GET"]}}],"collection":[{"href":"https:\/\/eacim-ceramic-implantology.com\/fr\/wp-json\/wp\/v2\/pages"}],"about":[{"href":"https:\/\/eacim-ceramic-implantology.com\/fr\/wp-json\/wp\/v2\/types\/page"}],"author":[{"embeddable":true,"href":"https:\/\/eacim-ceramic-implantology.com\/fr\/wp-json\/wp\/v2\/users\/1"}],"replies":[{"embeddable":true,"href":"https:\/\/eacim-ceramic-implantology.com\/fr\/wp-json\/wp\/v2\/comments?post=5646"}],"version-history":[{"count":11,"href":"https:\/\/eacim-ceramic-implantology.com\/fr\/wp-json\/wp\/v2\/pages\/5646\/revisions"}],"predecessor-version":[{"id":13992,"href":"https:\/\/eacim-ceramic-implantology.com\/fr\/wp-json\/wp\/v2\/pages\/5646\/revisions\/13992"}],"wp:attachment":[{"href":"https:\/\/eacim-ceramic-implantology.com\/fr\/wp-json\/wp\/v2\/media?parent=5646"}],"curies":[{"name":"wp","href":"https:\/\/api.w.org\/{rel}","templated":true}]}}